{"id":3827,"date":"2022-04-08T14:20:09","date_gmt":"2022-04-08T14:20:09","guid":{"rendered":"https:\/\/moblesalmazan.com\/projectes\/"},"modified":"2024-08-29T08:45:32","modified_gmt":"2024-08-29T08:45:32","slug":"projectes","status":"publish","type":"page","link":"https:\/\/moblesalmazan.com\/ca\/projectes\/","title":{"rendered":"Projectes"},"content":{"rendered":"\t\t<div data-elementor-type=\"wp-page\" data-elementor-id=\"3827\" class=\"elementor elementor-3827 elementor-607\">\n\t\t\t\t\t\t<section class=\"elementor-section elementor-top-section elementor-element elementor-element-cf1ff75 elementor-section-boxed elementor-section-height-default elementor-section-height-default\" data-id=\"cf1ff75\" data-element_type=\"section\">\n\t\t\t\t\t\t<div class=\"elementor-container elementor-column-gap-default\">\n\t\t\t\t\t<div class=\"elementor-column elementor-col-100 elementor-top-column elementor-element elementor-element-addb94b\" data-id=\"addb94b\" data-element_type=\"column\">\n\t\t\t<div class=\"elementor-widget-wrap elementor-element-populated\">\n\t\t\t\t\t\t<div class=\"elementor-element elementor-element-091242d elementor-widget elementor-widget-hub_fancy_heading\" data-id=\"091242d\" data-element_type=\"widget\" data-widget_type=\"hub_fancy_heading.default\">\n\t\t\t\t<div class=\"elementor-widget-container\">\n\t\t\t\t\t\n\t\t<div id=\"ld-fancy-heading-69f19cc43a9e7\" class=\"ld-fancy-heading pos-rel\">\n\t\t\t<h2 class=\"ld-fh-element d-inline-block pos-rel  elementor-heading-title lqd-highlight-classic lqd-highlight-grow-left h2\"  > Els nostres projectes<\/h2>\t\t<\/div>\n\n\t\t\t\t\t\t<\/div>\n\t\t\t\t<\/div>\n\t\t\t\t<div class=\"elementor-element elementor-element-e31dc08 elementor-widget elementor-widget-hub_fancy_heading\" data-id=\"e31dc08\" data-element_type=\"widget\" data-widget_type=\"hub_fancy_heading.default\">\n\t\t\t\t<div class=\"elementor-widget-container\">\n\t\t\t\t\t\n\t\t<div id=\"ld-fancy-heading-69f19cc43b043\" class=\"ld-fancy-heading pos-rel\">\n\t\t\t<p class=\"ld-fh-element d-inline-block pos-rel  lqd-highlight-classic lqd-highlight-grow-left p\"  > El nostre valor principal \u00e9s oferir al client el que busca i necessita perqu\u00e8 el resultat de la nostra feina sigui \u00f2ptim.<\/p>\t\t<\/div>\n\n\t\t\t\t\t\t<\/div>\n\t\t\t\t<\/div>\n\t\t\t\t\t<\/div>\n\t\t<\/div>\n\t\t\t\t<div class=\"elementor-column elementor-col-100 elementor-top-column elementor-element elementor-element-aae7d07\" data-id=\"aae7d07\" data-element_type=\"column\">\n\t\t\t<div class=\"elementor-widget-wrap elementor-element-populated\">\n\t\t\t\t\t\t<div class=\"elementor-element elementor-element-ac9265e elementor-widget elementor-widget-hub_fancy_heading\" data-id=\"ac9265e\" data-element_type=\"widget\" data-widget_type=\"hub_fancy_heading.default\">\n\t\t\t\t<div class=\"elementor-widget-container\">\n\t\t\t\t\t\n\t\t<div id=\"ld-fancy-heading-69f19cc43b717\" class=\"ld-fancy-heading pos-rel\">\n\t\t\t<p class=\"ld-fh-element d-inline-block pos-rel  lqd-highlight-classic lqd-highlight-grow-left p\"  > Comptem amb un equip d'arquitectes, aparelladors i t\u00e8cnics en permanent evoluci\u00f3, adequant-nos a les noves tend\u00e8ncies del mercat i del client. La nostra gran experi\u00e8ncia al costat del millor equip de professionals ens permet personalitzar cada projecte, aconseguint la m\u00e0xima satisfacci\u00f3 del client, garantint els terminis d'entrega ajustats a les necessitats del client.<\/p>\t\t<\/div>\n\n\t\t\t\t\t\t<\/div>\n\t\t\t\t<\/div>\n\t\t\t\t\t<\/div>\n\t\t<\/div>\n\t\t\t\t<div class=\"elementor-column elementor-col-100 elementor-top-column elementor-element elementor-element-ca5cc24\" data-id=\"ca5cc24\" data-element_type=\"column\">\n\t\t\t<div class=\"elementor-widget-wrap elementor-element-populated\">\n\t\t\t\t\t\t<div class=\"elementor-element elementor-element-53f4a8f elementor-widget elementor-widget-ld_portfolio\" data-id=\"53f4a8f\" data-element_type=\"widget\" data-widget_type=\"ld_portfolio.default\">\n\t\t\t\t<div class=\"elementor-widget-container\">\n\t\t\t\t\t<div class=\"lqd-pf-grid lqd-pf-grid-53f4a8f\">\t\t\t\r\n<div class=\"liquid-filter-items align-items-center lqd-filter-style-default\">\t\r\n\t<div class=\"liquid-filter-items-inner flex-grow-1\">\r\n\t\t\r\n\t\t\r\n\t\t<ul class=\"filter-list filter-list-inline    d-flex align-items-center hidden-xs hidden-sm\" id=\"pf-filter-88033935\">\r\n\t\t\t<li class=\"active\" data-filter=\"*\"><span>All<\/span><\/li>\r\n\t\t\t<li data-filter=\".a-mida\"><span>A mida<\/span><\/li><li data-filter=\".decoracio\"><span>Decoraci\u00f3<\/span><\/li><li data-filter=\".reformes\"><span>Reformes<\/span><\/li>\t\t<\/ul>\r\n\r\n\t\t<div class=\"lqd-filter-dropdown visible-xs visible-sm\" data-form-options='{ \"dropdownAppendTo\": \"self\" }'>\r\n\t\t\t<select name=\"lqd-filter-dropdown-pf-filter-88033935\" id=\"lqd-filter-dropdown-pf-filter-88033935\">\r\n\t\t\t\t<option selected data-filter=\"*\" value=\"*\">All<\/option>\r\n\t\t\t\t<option data-filter=\".a-mida\" value=\".a-mida\">A mida<\/option><option data-filter=\".decoracio\" value=\".decoracio\">Decoraci\u00f3<\/option><option data-filter=\".reformes\" value=\".reformes\">Reformes<\/option>\t\t\t<\/select>\r\n\t\t<\/div>\r\n\t\t\t\r\n\t\t\t\t\t\t\t\r\n\t\t\t\r\n\t<\/div>\r\n<\/div><div id=\"lqd-pf-grid-53f4a8f\" class=\"lqd-pf-row row d-flex flex-wrap lqd-pf-grid-53f4a8f\" data-liquid-masonry=\"true\" data-masonry-options='{ \"filtersID\": \"#pf-filter-88033935\", \"filtersCounter\": true }'><div class=\"lqd-pf-column col-md-6 col-sm-6 col-xs-12 masonry-item decoracio\">\n\n\t<article id=\"post-3904\" class=\"lqd-pf-item lqd-pf-item-style-1 lqd-pf-light pf-details-h-mid pos-rel overflow-hidden post-3904 liquid-portfolio type-liquid-portfolio status-publish format-standard has-post-thumbnail hentry liquid-portfolio-category-decoracio\">\n\t\t<div class=\"lqd-pf-item-inner\">\n\n\t\t\t<div class=\"lqd-pf-img\">\n\t\t\t\t<figure>\n\t\t\t\t\t<figure  class=\"w-100\"><img fetchpriority=\"high\" decoding=\"async\" width=\"800\" height=\"600\" src=\"https:\/\/moblesalmazan.com\/wp-content\/uploads\/2023\/09\/1-3.jpg\" class=\"w-100 wp-post-image\" alt=\"\" srcset=\"https:\/\/moblesalmazan.com\/wp-content\/uploads\/2023\/09\/1-3.jpg 800w, https:\/\/moblesalmazan.com\/wp-content\/uploads\/2023\/09\/1-3-300x225.jpg 300w\" sizes=\"(max-width: 800px) 100vw, 800px\" \/><\/figure>\t\t\t\t<\/figure>\n\t\t\t<\/div>\n\n\t\t\t<div class=\"lqd-pf-details d-flex flex-wrap pos-rel border-radius-4\">\n\t\t\t\t<span class=\"lqd-pf-overlay-bg lqd-overlay\"><\/span>\n\t\t\t\t<div class=\"lqd-pf-info d-flex flex-wrap align-items-center justify-content-between w-100 p-4\">\n\t\t\t\t\t\t\t\t\t\t<h2 class=\"lqd-pf-title mt-0 mb-0 h5\">Decoraci\u00f3 sal\u00f3 menjador Vilanova i la Geltru<\/h2>\t\t\t\t\t<ul class=\"reset-ul inline-nav lqd-pf-cat d-inline-flex pos-rel z-index-2\"><li><a href=\"https:\/\/moblesalmazan.com\/ca\/portfolio-category\/decoracio\/\">Decoraci\u00f3<\/a><\/li><\/ul>\t\t\t\t<\/div>\n\t\t\t<\/div>\n\n\t\t\t<a href=\"https:\/\/moblesalmazan.com\/ca\/portfolio\/decoracio-salo-menjador-vilanova-i-la-geltru\/\"  class=\"lqd-overlay lqd-pf-overlay-link lqd-cc-label-trigger\" data-cc-icon-color=\"\"><\/a>\n\t\t<\/div>\n\t<\/article>\n\n<\/div><div class=\"lqd-pf-column col-md-6 col-sm-6 col-xs-12 masonry-item decoracio reformes\">\n\n\t<article id=\"post-3945\" class=\"lqd-pf-item lqd-pf-item-style-1 lqd-pf-light pf-details-h-mid pos-rel overflow-hidden post-3945 liquid-portfolio type-liquid-portfolio status-publish format-standard has-post-thumbnail hentry liquid-portfolio-category-decoracio liquid-portfolio-category-reformes\">\n\t\t<div class=\"lqd-pf-item-inner\">\n\n\t\t\t<div class=\"lqd-pf-img\">\n\t\t\t\t<figure>\n\t\t\t\t\t<figure  class=\"w-100\"><img decoding=\"async\" width=\"800\" height=\"600\" src=\"data:image\/svg+xml;charset=utf-8,%3Csvg xmlns%3D&#039;http%3A%2F%2Fwww.w3.org%2F2000%2Fsvg&#039; viewBox%3D&#039;0 0  &#039;%2F%3E\" class=\"w-100 ld-lazyload wp-post-image\" alt=\"\" data-src=\"https:\/\/moblesalmazan.com\/wp-content\/uploads\/2023\/09\/IMG_5667.jpg\" data-srcset=\"https:\/\/moblesalmazan.com\/wp-content\/uploads\/2023\/09\/IMG_5667.jpg 800w, https:\/\/moblesalmazan.com\/wp-content\/uploads\/2023\/09\/IMG_5667-300x225.jpg 300w\" data-sizes=\"(max-width: 800px) 100vw, 800px\" data-aspect=\"\" \/><\/figure>\t\t\t\t<\/figure>\n\t\t\t<\/div>\n\n\t\t\t<div class=\"lqd-pf-details d-flex flex-wrap pos-rel border-radius-4\">\n\t\t\t\t<span class=\"lqd-pf-overlay-bg lqd-overlay\"><\/span>\n\t\t\t\t<div class=\"lqd-pf-info d-flex flex-wrap align-items-center justify-content-between w-100 p-4\">\n\t\t\t\t\t\t\t\t\t\t<h2 class=\"lqd-pf-title mt-0 mb-0 h5\">Reforma i Decoraci\u00f3 de sal\u00f3 menjador Sant Pere de Ribes<\/h2>\t\t\t\t\t<ul class=\"reset-ul inline-nav lqd-pf-cat d-inline-flex pos-rel z-index-2\"><li><a href=\"https:\/\/moblesalmazan.com\/ca\/portfolio-category\/decoracio\/\">Decoraci\u00f3<\/a><\/li><\/ul>\t\t\t\t<\/div>\n\t\t\t<\/div>\n\n\t\t\t<a href=\"https:\/\/moblesalmazan.com\/ca\/portfolio\/reforma-i-decoracio-de-salo-menjador-sant-pere-de-ribes\/\"  class=\"lqd-overlay lqd-pf-overlay-link lqd-cc-label-trigger\" data-cc-icon-color=\"\"><\/a>\n\t\t<\/div>\n\t<\/article>\n\n<\/div><div class=\"lqd-pf-column col-md-6 col-sm-6 col-xs-12 masonry-item a-mida\">\n\n\t<article id=\"post-3972\" class=\"lqd-pf-item lqd-pf-item-style-1 lqd-pf-light pf-details-h-mid pos-rel overflow-hidden post-3972 liquid-portfolio type-liquid-portfolio status-publish format-standard has-post-thumbnail hentry liquid-portfolio-category-a-mida\">\n\t\t<div class=\"lqd-pf-item-inner\">\n\n\t\t\t<div class=\"lqd-pf-img\">\n\t\t\t\t<figure>\n\t\t\t\t\t<figure  class=\"w-100\"><img decoding=\"async\" width=\"800\" height=\"600\" src=\"data:image\/svg+xml;charset=utf-8,%3Csvg xmlns%3D&#039;http%3A%2F%2Fwww.w3.org%2F2000%2Fsvg&#039; viewBox%3D&#039;0 0  &#039;%2F%3E\" class=\"w-100 ld-lazyload wp-post-image\" alt=\"\" data-src=\"https:\/\/moblesalmazan.com\/wp-content\/uploads\/2023\/09\/IMG_8955.jpg\" data-srcset=\"https:\/\/moblesalmazan.com\/wp-content\/uploads\/2023\/09\/IMG_8955.jpg 800w, https:\/\/moblesalmazan.com\/wp-content\/uploads\/2023\/09\/IMG_8955-300x225.jpg 300w\" data-sizes=\"(max-width: 800px) 100vw, 800px\" data-aspect=\"\" \/><\/figure>\t\t\t\t<\/figure>\n\t\t\t<\/div>\n\n\t\t\t<div class=\"lqd-pf-details d-flex flex-wrap pos-rel border-radius-4\">\n\t\t\t\t<span class=\"lqd-pf-overlay-bg lqd-overlay\"><\/span>\n\t\t\t\t<div class=\"lqd-pf-info d-flex flex-wrap align-items-center justify-content-between w-100 p-4\">\n\t\t\t\t\t\t\t\t\t\t<h2 class=\"lqd-pf-title mt-0 mb-0 h5\">Llibreria amb taula despatx lacat a mida<\/h2>\t\t\t\t\t<ul class=\"reset-ul inline-nav lqd-pf-cat d-inline-flex pos-rel z-index-2\"><li><a href=\"https:\/\/moblesalmazan.com\/ca\/portfolio-category\/a-mida\/\">A mida<\/a><\/li><\/ul>\t\t\t\t<\/div>\n\t\t\t<\/div>\n\n\t\t\t<a href=\"https:\/\/moblesalmazan.com\/ca\/portfolio\/llibreria-amb-taula-despatx-lacat-a-mida\/\"  class=\"lqd-overlay lqd-pf-overlay-link lqd-cc-label-trigger\" data-cc-icon-color=\"\"><\/a>\n\t\t<\/div>\n\t<\/article>\n\n<\/div><div class=\"lqd-pf-column col-md-6 col-sm-6 col-xs-12 masonry-item decoracio\">\n\n\t<article id=\"post-3916\" class=\"lqd-pf-item lqd-pf-item-style-1 lqd-pf-light pf-details-h-mid pos-rel overflow-hidden post-3916 liquid-portfolio type-liquid-portfolio status-publish format-standard has-post-thumbnail hentry liquid-portfolio-category-decoracio\">\n\t\t<div class=\"lqd-pf-item-inner\">\n\n\t\t\t<div class=\"lqd-pf-img\">\n\t\t\t\t<figure>\n\t\t\t\t\t<figure  class=\"w-100\"><img loading=\"lazy\" decoding=\"async\" width=\"800\" height=\"600\" src=\"data:image\/svg+xml;charset=utf-8,%3Csvg xmlns%3D&#039;http%3A%2F%2Fwww.w3.org%2F2000%2Fsvg&#039; viewBox%3D&#039;0 0  &#039;%2F%3E\" class=\"w-100 ld-lazyload wp-post-image\" alt=\"\" data-src=\"https:\/\/moblesalmazan.com\/wp-content\/uploads\/2023\/09\/IMG_2835.jpg\" data-srcset=\"https:\/\/moblesalmazan.com\/wp-content\/uploads\/2023\/09\/IMG_2835.jpg 800w, https:\/\/moblesalmazan.com\/wp-content\/uploads\/2023\/09\/IMG_2835-300x225.jpg 300w\" data-sizes=\"(max-width: 800px) 100vw, 800px\" data-aspect=\"\" \/><\/figure>\t\t\t\t<\/figure>\n\t\t\t<\/div>\n\n\t\t\t<div class=\"lqd-pf-details d-flex flex-wrap pos-rel border-radius-4\">\n\t\t\t\t<span class=\"lqd-pf-overlay-bg lqd-overlay\"><\/span>\n\t\t\t\t<div class=\"lqd-pf-info d-flex flex-wrap align-items-center justify-content-between w-100 p-4\">\n\t\t\t\t\t\t\t\t\t\t<h2 class=\"lqd-pf-title mt-0 mb-0 h5\">Decoraci\u00f3 industrial Vilanova i la Geltru<\/h2>\t\t\t\t\t<ul class=\"reset-ul inline-nav lqd-pf-cat d-inline-flex pos-rel z-index-2\"><li><a href=\"https:\/\/moblesalmazan.com\/ca\/portfolio-category\/decoracio\/\">Decoraci\u00f3<\/a><\/li><\/ul>\t\t\t\t<\/div>\n\t\t\t<\/div>\n\n\t\t\t<a href=\"https:\/\/moblesalmazan.com\/ca\/portfolio\/decoracio-industrial-vilanova-i-la-geltru\/\"  class=\"lqd-overlay lqd-pf-overlay-link lqd-cc-label-trigger\" data-cc-icon-color=\"\"><\/a>\n\t\t<\/div>\n\t<\/article>\n\n<\/div><div class=\"lqd-pf-column col-md-6 col-sm-6 col-xs-12 masonry-item decoracio\">\n\n\t<article id=\"post-3951\" class=\"lqd-pf-item lqd-pf-item-style-1 lqd-pf-light pf-details-h-mid pos-rel overflow-hidden post-3951 liquid-portfolio type-liquid-portfolio status-publish format-standard has-post-thumbnail hentry liquid-portfolio-category-decoracio\">\n\t\t<div class=\"lqd-pf-item-inner\">\n\n\t\t\t<div class=\"lqd-pf-img\">\n\t\t\t\t<figure>\n\t\t\t\t\t<figure  class=\"w-100\"><img loading=\"lazy\" decoding=\"async\" width=\"800\" height=\"600\" src=\"data:image\/svg+xml;charset=utf-8,%3Csvg xmlns%3D&#039;http%3A%2F%2Fwww.w3.org%2F2000%2Fsvg&#039; viewBox%3D&#039;0 0  &#039;%2F%3E\" class=\"w-100 ld-lazyload wp-post-image\" alt=\"\" data-src=\"https:\/\/moblesalmazan.com\/wp-content\/uploads\/2023\/09\/IMG_3135.jpg\" data-srcset=\"https:\/\/moblesalmazan.com\/wp-content\/uploads\/2023\/09\/IMG_3135.jpg 800w, https:\/\/moblesalmazan.com\/wp-content\/uploads\/2023\/09\/IMG_3135-300x225.jpg 300w\" data-sizes=\"(max-width: 800px) 100vw, 800px\" data-aspect=\"\" \/><\/figure>\t\t\t\t<\/figure>\n\t\t\t<\/div>\n\n\t\t\t<div class=\"lqd-pf-details d-flex flex-wrap pos-rel border-radius-4\">\n\t\t\t\t<span class=\"lqd-pf-overlay-bg lqd-overlay\"><\/span>\n\t\t\t\t<div class=\"lqd-pf-info d-flex flex-wrap align-items-center justify-content-between w-100 p-4\">\n\t\t\t\t\t\t\t\t\t\t<h2 class=\"lqd-pf-title mt-0 mb-0 h5\">Decoraci\u00f3 industrial Calafell<\/h2>\t\t\t\t\t<ul class=\"reset-ul inline-nav lqd-pf-cat d-inline-flex pos-rel z-index-2\"><li><a href=\"https:\/\/moblesalmazan.com\/ca\/portfolio-category\/decoracio\/\">Decoraci\u00f3<\/a><\/li><\/ul>\t\t\t\t<\/div>\n\t\t\t<\/div>\n\n\t\t\t<a href=\"https:\/\/moblesalmazan.com\/ca\/portfolio\/decoracio-industrial-calafell\/\"  class=\"lqd-overlay lqd-pf-overlay-link lqd-cc-label-trigger\" data-cc-icon-color=\"\"><\/a>\n\t\t<\/div>\n\t<\/article>\n\n<\/div><div class=\"lqd-pf-column col-md-6 col-sm-6 col-xs-12 masonry-item decoracio\">\n\n\t<article id=\"post-3903\" class=\"lqd-pf-item lqd-pf-item-style-1 lqd-pf-light pf-details-h-mid pos-rel overflow-hidden post-3903 liquid-portfolio type-liquid-portfolio status-publish format-standard has-post-thumbnail hentry liquid-portfolio-category-decoracio\">\n\t\t<div class=\"lqd-pf-item-inner\">\n\n\t\t\t<div class=\"lqd-pf-img\">\n\t\t\t\t<figure>\n\t\t\t\t\t<figure  class=\"w-100\"><img loading=\"lazy\" decoding=\"async\" width=\"800\" height=\"600\" src=\"data:image\/svg+xml;charset=utf-8,%3Csvg xmlns%3D&#039;http%3A%2F%2Fwww.w3.org%2F2000%2Fsvg&#039; viewBox%3D&#039;0 0  &#039;%2F%3E\" class=\"w-100 ld-lazyload wp-post-image\" alt=\"\" data-src=\"https:\/\/moblesalmazan.com\/wp-content\/uploads\/2023\/09\/IMG_2087.jpg\" data-srcset=\"https:\/\/moblesalmazan.com\/wp-content\/uploads\/2023\/09\/IMG_2087.jpg 800w, https:\/\/moblesalmazan.com\/wp-content\/uploads\/2023\/09\/IMG_2087-300x225.jpg 300w\" data-sizes=\"(max-width: 800px) 100vw, 800px\" data-aspect=\"\" \/><\/figure>\t\t\t\t<\/figure>\n\t\t\t<\/div>\n\n\t\t\t<div class=\"lqd-pf-details d-flex flex-wrap pos-rel border-radius-4\">\n\t\t\t\t<span class=\"lqd-pf-overlay-bg lqd-overlay\"><\/span>\n\t\t\t\t<div class=\"lqd-pf-info d-flex flex-wrap align-items-center justify-content-between w-100 p-4\">\n\t\t\t\t\t\t\t\t\t\t<h2 class=\"lqd-pf-title mt-0 mb-0 h5\">Decoraci\u00f3 sal\u00f3 comendor Calafell<\/h2>\t\t\t\t\t<ul class=\"reset-ul inline-nav lqd-pf-cat d-inline-flex pos-rel z-index-2\"><li><a href=\"https:\/\/moblesalmazan.com\/ca\/portfolio-category\/decoracio\/\">Decoraci\u00f3<\/a><\/li><\/ul>\t\t\t\t<\/div>\n\t\t\t<\/div>\n\n\t\t\t<a href=\"https:\/\/moblesalmazan.com\/ca\/portfolio\/decoracio-salo-comendor-calafell\/\"  class=\"lqd-overlay lqd-pf-overlay-link lqd-cc-label-trigger\" data-cc-icon-color=\"\"><\/a>\n\t\t<\/div>\n\t<\/article>\n\n<\/div><div class=\"lqd-pf-column col-md-6 col-sm-6 col-xs-12 masonry-item a-mida\">\n\n\t<article id=\"post-3940\" class=\"lqd-pf-item lqd-pf-item-style-1 lqd-pf-light pf-details-h-mid pos-rel overflow-hidden post-3940 liquid-portfolio type-liquid-portfolio status-publish format-standard has-post-thumbnail hentry liquid-portfolio-category-a-mida\">\n\t\t<div class=\"lqd-pf-item-inner\">\n\n\t\t\t<div class=\"lqd-pf-img\">\n\t\t\t\t<figure>\n\t\t\t\t\t<figure  class=\"w-100\"><img loading=\"lazy\" decoding=\"async\" width=\"800\" height=\"600\" src=\"data:image\/svg+xml;charset=utf-8,%3Csvg xmlns%3D&#039;http%3A%2F%2Fwww.w3.org%2F2000%2Fsvg&#039; viewBox%3D&#039;0 0  &#039;%2F%3E\" class=\"w-100 ld-lazyload wp-post-image\" alt=\"\" data-src=\"https:\/\/moblesalmazan.com\/wp-content\/uploads\/2023\/09\/IMG_8475.jpg\" data-srcset=\"https:\/\/moblesalmazan.com\/wp-content\/uploads\/2023\/09\/IMG_8475.jpg 800w, https:\/\/moblesalmazan.com\/wp-content\/uploads\/2023\/09\/IMG_8475-300x225.jpg 300w\" data-sizes=\"(max-width: 800px) 100vw, 800px\" data-aspect=\"\" \/><\/figure>\t\t\t\t<\/figure>\n\t\t\t<\/div>\n\n\t\t\t<div class=\"lqd-pf-details d-flex flex-wrap pos-rel border-radius-4\">\n\t\t\t\t<span class=\"lqd-pf-overlay-bg lqd-overlay\"><\/span>\n\t\t\t\t<div class=\"lqd-pf-info d-flex flex-wrap align-items-center justify-content-between w-100 p-4\">\n\t\t\t\t\t\t\t\t\t\t<h2 class=\"lqd-pf-title mt-0 mb-0 h5\">Moble contemporani lacat, disseny i fabricaci\u00f3 a mida<\/h2>\t\t\t\t\t<ul class=\"reset-ul inline-nav lqd-pf-cat d-inline-flex pos-rel z-index-2\"><li><a href=\"https:\/\/moblesalmazan.com\/ca\/portfolio-category\/a-mida\/\">A mida<\/a><\/li><\/ul>\t\t\t\t<\/div>\n\t\t\t<\/div>\n\n\t\t\t<a href=\"https:\/\/moblesalmazan.com\/ca\/portfolio\/moble-contemporani-lacat-disseny-i-fabricacio-a-mida\/\"  class=\"lqd-overlay lqd-pf-overlay-link lqd-cc-label-trigger\" data-cc-icon-color=\"\"><\/a>\n\t\t<\/div>\n\t<\/article>\n\n<\/div><div class=\"lqd-pf-column col-md-6 col-sm-6 col-xs-12 masonry-item decoracio\">\n\n\t<article id=\"post-3917\" class=\"lqd-pf-item lqd-pf-item-style-1 lqd-pf-light pf-details-h-mid pos-rel overflow-hidden post-3917 liquid-portfolio type-liquid-portfolio status-publish format-standard has-post-thumbnail hentry liquid-portfolio-category-decoracio\">\n\t\t<div class=\"lqd-pf-item-inner\">\n\n\t\t\t<div class=\"lqd-pf-img\">\n\t\t\t\t<figure>\n\t\t\t\t\t<figure  class=\"w-100\"><img loading=\"lazy\" decoding=\"async\" width=\"800\" height=\"600\" src=\"data:image\/svg+xml;charset=utf-8,%3Csvg xmlns%3D&#039;http%3A%2F%2Fwww.w3.org%2F2000%2Fsvg&#039; viewBox%3D&#039;0 0  &#039;%2F%3E\" class=\"w-100 ld-lazyload wp-post-image\" alt=\"\" data-src=\"https:\/\/moblesalmazan.com\/wp-content\/uploads\/2023\/09\/IMG_0997.jpg\" data-srcset=\"https:\/\/moblesalmazan.com\/wp-content\/uploads\/2023\/09\/IMG_0997.jpg 800w, https:\/\/moblesalmazan.com\/wp-content\/uploads\/2023\/09\/IMG_0997-300x225.jpg 300w\" data-sizes=\"(max-width: 800px) 100vw, 800px\" data-aspect=\"\" \/><\/figure>\t\t\t\t<\/figure>\n\t\t\t<\/div>\n\n\t\t\t<div class=\"lqd-pf-details d-flex flex-wrap pos-rel border-radius-4\">\n\t\t\t\t<span class=\"lqd-pf-overlay-bg lqd-overlay\"><\/span>\n\t\t\t\t<div class=\"lqd-pf-info d-flex flex-wrap align-items-center justify-content-between w-100 p-4\">\n\t\t\t\t\t\t\t\t\t\t<h2 class=\"lqd-pf-title mt-0 mb-0 h5\">Decoraci\u00f3 casa Mas d&#8217; en Serra.<\/h2>\t\t\t\t\t<ul class=\"reset-ul inline-nav lqd-pf-cat d-inline-flex pos-rel z-index-2\"><li><a href=\"https:\/\/moblesalmazan.com\/ca\/portfolio-category\/decoracio\/\">Decoraci\u00f3<\/a><\/li><\/ul>\t\t\t\t<\/div>\n\t\t\t<\/div>\n\n\t\t\t<a href=\"https:\/\/moblesalmazan.com\/ca\/portfolio\/decoracio-casa-mas-d-en-serra\/\"  class=\"lqd-overlay lqd-pf-overlay-link lqd-cc-label-trigger\" data-cc-icon-color=\"\"><\/a>\n\t\t<\/div>\n\t<\/article>\n\n<\/div><div class=\"lqd-pf-column col-md-6 col-sm-6 col-xs-12 masonry-item reformes\">\n\n\t<article id=\"post-3952\" class=\"lqd-pf-item lqd-pf-item-style-1 lqd-pf-light pf-details-h-mid pos-rel overflow-hidden post-3952 liquid-portfolio type-liquid-portfolio status-publish format-standard has-post-thumbnail hentry liquid-portfolio-category-reformes\">\n\t\t<div class=\"lqd-pf-item-inner\">\n\n\t\t\t<div class=\"lqd-pf-img\">\n\t\t\t\t<figure>\n\t\t\t\t\t<figure  class=\"w-100\"><img loading=\"lazy\" decoding=\"async\" width=\"800\" height=\"600\" src=\"data:image\/svg+xml;charset=utf-8,%3Csvg xmlns%3D&#039;http%3A%2F%2Fwww.w3.org%2F2000%2Fsvg&#039; viewBox%3D&#039;0 0  &#039;%2F%3E\" class=\"w-100 ld-lazyload wp-post-image\" alt=\"\" data-src=\"https:\/\/moblesalmazan.com\/wp-content\/uploads\/2023\/09\/IMG_8918.png\" data-srcset=\"https:\/\/moblesalmazan.com\/wp-content\/uploads\/2023\/09\/IMG_8918.png 800w, https:\/\/moblesalmazan.com\/wp-content\/uploads\/2023\/09\/IMG_8918-300x225.png 300w\" data-sizes=\"(max-width: 800px) 100vw, 800px\" data-aspect=\"\" \/><\/figure>\t\t\t\t<\/figure>\n\t\t\t<\/div>\n\n\t\t\t<div class=\"lqd-pf-details d-flex flex-wrap pos-rel border-radius-4\">\n\t\t\t\t<span class=\"lqd-pf-overlay-bg lqd-overlay\"><\/span>\n\t\t\t\t<div class=\"lqd-pf-info d-flex flex-wrap align-items-center justify-content-between w-100 p-4\">\n\t\t\t\t\t\t\t\t\t\t<h2 class=\"lqd-pf-title mt-0 mb-0 h5\">Decoraci\u00f3 cuina i sal\u00f3 menjador Santa Coloma de Cervello<\/h2>\t\t\t\t\t<ul class=\"reset-ul inline-nav lqd-pf-cat d-inline-flex pos-rel z-index-2\"><li><a href=\"https:\/\/moblesalmazan.com\/ca\/portfolio-category\/reformes\/\">Reformes<\/a><\/li><\/ul>\t\t\t\t<\/div>\n\t\t\t<\/div>\n\n\t\t\t<a href=\"https:\/\/moblesalmazan.com\/ca\/portfolio\/decoracio-cuina-i-salo-menjador-santa-coloma-de-cervello\/\"  class=\"lqd-overlay lqd-pf-overlay-link lqd-cc-label-trigger\" data-cc-icon-color=\"\"><\/a>\n\t\t<\/div>\n\t<\/article>\n\n<\/div><div class=\"lqd-pf-column col-md-6 col-sm-6 col-xs-12 masonry-item reformes\">\n\n\t<article id=\"post-3905\" class=\"lqd-pf-item lqd-pf-item-style-1 lqd-pf-light pf-details-h-mid pos-rel overflow-hidden post-3905 liquid-portfolio type-liquid-portfolio status-publish format-standard has-post-thumbnail hentry liquid-portfolio-category-reformes\">\n\t\t<div class=\"lqd-pf-item-inner\">\n\n\t\t\t<div class=\"lqd-pf-img\">\n\t\t\t\t<figure>\n\t\t\t\t\t<figure  class=\"w-100\"><img loading=\"lazy\" decoding=\"async\" width=\"800\" height=\"600\" src=\"data:image\/svg+xml;charset=utf-8,%3Csvg xmlns%3D&#039;http%3A%2F%2Fwww.w3.org%2F2000%2Fsvg&#039; viewBox%3D&#039;0 0  &#039;%2F%3E\" class=\"w-100 ld-lazyload wp-post-image\" alt=\"\" data-src=\"https:\/\/moblesalmazan.com\/wp-content\/uploads\/2023\/09\/8-1.jpg\" data-srcset=\"https:\/\/moblesalmazan.com\/wp-content\/uploads\/2023\/09\/8-1.jpg 800w, https:\/\/moblesalmazan.com\/wp-content\/uploads\/2023\/09\/8-1-300x225.jpg 300w\" data-sizes=\"(max-width: 800px) 100vw, 800px\" data-aspect=\"\" \/><\/figure>\t\t\t\t<\/figure>\n\t\t\t<\/div>\n\n\t\t\t<div class=\"lqd-pf-details d-flex flex-wrap pos-rel border-radius-4\">\n\t\t\t\t<span class=\"lqd-pf-overlay-bg lqd-overlay\"><\/span>\n\t\t\t\t<div class=\"lqd-pf-info d-flex flex-wrap align-items-center justify-content-between w-100 p-4\">\n\t\t\t\t\t\t\t\t\t\t<h2 class=\"lqd-pf-title mt-0 mb-0 h5\">Reforma banys Vilanova<\/h2>\t\t\t\t\t<ul class=\"reset-ul inline-nav lqd-pf-cat d-inline-flex pos-rel z-index-2\"><li><a href=\"https:\/\/moblesalmazan.com\/ca\/portfolio-category\/reformes\/\">Reformes<\/a><\/li><\/ul>\t\t\t\t<\/div>\n\t\t\t<\/div>\n\n\t\t\t<a href=\"https:\/\/moblesalmazan.com\/ca\/portfolio\/reforma-banys-vilanova\/\"  class=\"lqd-overlay lqd-pf-overlay-link lqd-cc-label-trigger\" data-cc-icon-color=\"\"><\/a>\n\t\t<\/div>\n\t<\/article>\n\n<\/div><div class=\"lqd-pf-column col-md-6 col-sm-6 col-xs-12 masonry-item decoracio reformes\">\n\n\t<article id=\"post-3942\" class=\"lqd-pf-item lqd-pf-item-style-1 lqd-pf-light pf-details-h-mid pos-rel overflow-hidden post-3942 liquid-portfolio type-liquid-portfolio status-publish format-standard has-post-thumbnail hentry liquid-portfolio-category-decoracio liquid-portfolio-category-reformes\">\n\t\t<div class=\"lqd-pf-item-inner\">\n\n\t\t\t<div class=\"lqd-pf-img\">\n\t\t\t\t<figure>\n\t\t\t\t\t<figure  class=\"w-100\"><img loading=\"lazy\" decoding=\"async\" width=\"800\" height=\"600\" src=\"data:image\/svg+xml;charset=utf-8,%3Csvg xmlns%3D&#039;http%3A%2F%2Fwww.w3.org%2F2000%2Fsvg&#039; viewBox%3D&#039;0 0  &#039;%2F%3E\" class=\"w-100 ld-lazyload wp-post-image\" alt=\"\" data-src=\"https:\/\/moblesalmazan.com\/wp-content\/uploads\/2023\/09\/IMG_4576.jpg\" data-srcset=\"https:\/\/moblesalmazan.com\/wp-content\/uploads\/2023\/09\/IMG_4576.jpg 800w, https:\/\/moblesalmazan.com\/wp-content\/uploads\/2023\/09\/IMG_4576-300x225.jpg 300w\" data-sizes=\"(max-width: 800px) 100vw, 800px\" data-aspect=\"\" \/><\/figure>\t\t\t\t<\/figure>\n\t\t\t<\/div>\n\n\t\t\t<div class=\"lqd-pf-details d-flex flex-wrap pos-rel border-radius-4\">\n\t\t\t\t<span class=\"lqd-pf-overlay-bg lqd-overlay\"><\/span>\n\t\t\t\t<div class=\"lqd-pf-info d-flex flex-wrap align-items-center justify-content-between w-100 p-4\">\n\t\t\t\t\t\t\t\t\t\t<h2 class=\"lqd-pf-title mt-0 mb-0 h5\">Reforma i Decoraci\u00f3 Menjador Vilanova<\/h2>\t\t\t\t\t<ul class=\"reset-ul inline-nav lqd-pf-cat d-inline-flex pos-rel z-index-2\"><li><a href=\"https:\/\/moblesalmazan.com\/ca\/portfolio-category\/decoracio\/\">Decoraci\u00f3<\/a><\/li><\/ul>\t\t\t\t<\/div>\n\t\t\t<\/div>\n\n\t\t\t<a href=\"https:\/\/moblesalmazan.com\/ca\/portfolio\/reforma-i-decoracio-menjador-vilanova\/\"  class=\"lqd-overlay lqd-pf-overlay-link lqd-cc-label-trigger\" data-cc-icon-color=\"\"><\/a>\n\t\t<\/div>\n\t<\/article>\n\n<\/div><div class=\"lqd-pf-column col-md-6 col-sm-6 col-xs-12 masonry-item decoracio reformes\">\n\n\t<article id=\"post-3976\" class=\"lqd-pf-item lqd-pf-item-style-1 lqd-pf-light pf-details-h-mid pos-rel overflow-hidden post-3976 liquid-portfolio type-liquid-portfolio status-publish format-standard has-post-thumbnail hentry liquid-portfolio-category-decoracio liquid-portfolio-category-reformes\">\n\t\t<div class=\"lqd-pf-item-inner\">\n\n\t\t\t<div class=\"lqd-pf-img\">\n\t\t\t\t<figure>\n\t\t\t\t\t<figure  class=\"w-100\"><img loading=\"lazy\" decoding=\"async\" width=\"800\" height=\"600\" src=\"data:image\/svg+xml;charset=utf-8,%3Csvg xmlns%3D&#039;http%3A%2F%2Fwww.w3.org%2F2000%2Fsvg&#039; viewBox%3D&#039;0 0  &#039;%2F%3E\" class=\"w-100 ld-lazyload wp-post-image\" alt=\"\" data-src=\"https:\/\/moblesalmazan.com\/wp-content\/uploads\/2023\/09\/IMG_6373.jpg\" data-srcset=\"https:\/\/moblesalmazan.com\/wp-content\/uploads\/2023\/09\/IMG_6373.jpg 800w, https:\/\/moblesalmazan.com\/wp-content\/uploads\/2023\/09\/IMG_6373-300x225.jpg 300w\" data-sizes=\"(max-width: 800px) 100vw, 800px\" data-aspect=\"\" \/><\/figure>\t\t\t\t<\/figure>\n\t\t\t<\/div>\n\n\t\t\t<div class=\"lqd-pf-details d-flex flex-wrap pos-rel border-radius-4\">\n\t\t\t\t<span class=\"lqd-pf-overlay-bg lqd-overlay\"><\/span>\n\t\t\t\t<div class=\"lqd-pf-info d-flex flex-wrap align-items-center justify-content-between w-100 p-4\">\n\t\t\t\t\t\t\t\t\t\t<h2 class=\"lqd-pf-title mt-0 mb-0 h5\">Reforma i Decoraci\u00f3 Paris<\/h2>\t\t\t\t\t<ul class=\"reset-ul inline-nav lqd-pf-cat d-inline-flex pos-rel z-index-2\"><li><a href=\"https:\/\/moblesalmazan.com\/ca\/portfolio-category\/decoracio\/\">Decoraci\u00f3<\/a><\/li><\/ul>\t\t\t\t<\/div>\n\t\t\t<\/div>\n\n\t\t\t<a href=\"https:\/\/moblesalmazan.com\/ca\/portfolio\/reforma-i-decoracio-paris\/\"  class=\"lqd-overlay lqd-pf-overlay-link lqd-cc-label-trigger\" data-cc-icon-color=\"\"><\/a>\n\t\t<\/div>\n\t<\/article>\n\n<\/div><div class=\"lqd-pf-column col-md-6 col-sm-6 col-xs-12 masonry-item decoracio\">\n\n\t<article id=\"post-3990\" class=\"lqd-pf-item lqd-pf-item-style-1 lqd-pf-light pf-details-h-mid pos-rel overflow-hidden post-3990 liquid-portfolio type-liquid-portfolio status-publish format-standard has-post-thumbnail hentry liquid-portfolio-category-decoracio\">\n\t\t<div class=\"lqd-pf-item-inner\">\n\n\t\t\t<div class=\"lqd-pf-img\">\n\t\t\t\t<figure>\n\t\t\t\t\t<figure  class=\"w-100\"><img loading=\"lazy\" decoding=\"async\" width=\"800\" height=\"600\" src=\"data:image\/svg+xml;charset=utf-8,%3Csvg xmlns%3D&#039;http%3A%2F%2Fwww.w3.org%2F2000%2Fsvg&#039; viewBox%3D&#039;0 0  &#039;%2F%3E\" class=\"w-100 ld-lazyload wp-post-image\" alt=\"\" data-src=\"https:\/\/moblesalmazan.com\/wp-content\/uploads\/2023\/09\/IMG_3576.jpg\" data-srcset=\"https:\/\/moblesalmazan.com\/wp-content\/uploads\/2023\/09\/IMG_3576.jpg 800w, https:\/\/moblesalmazan.com\/wp-content\/uploads\/2023\/09\/IMG_3576-300x225.jpg 300w\" data-sizes=\"(max-width: 800px) 100vw, 800px\" data-aspect=\"\" \/><\/figure>\t\t\t\t<\/figure>\n\t\t\t<\/div>\n\n\t\t\t<div class=\"lqd-pf-details d-flex flex-wrap pos-rel border-radius-4\">\n\t\t\t\t<span class=\"lqd-pf-overlay-bg lqd-overlay\"><\/span>\n\t\t\t\t<div class=\"lqd-pf-info d-flex flex-wrap align-items-center justify-content-between w-100 p-4\">\n\t\t\t\t\t\t\t\t\t\t<h2 class=\"lqd-pf-title mt-0 mb-0 h5\">Reforma i Decoraci\u00f3 de sol\u00e0rium a Vilanova i la Geltru<\/h2>\t\t\t\t\t<ul class=\"reset-ul inline-nav lqd-pf-cat d-inline-flex pos-rel z-index-2\"><li><a href=\"https:\/\/moblesalmazan.com\/ca\/portfolio-category\/decoracio\/\">Decoraci\u00f3<\/a><\/li><\/ul>\t\t\t\t<\/div>\n\t\t\t<\/div>\n\n\t\t\t<a href=\"https:\/\/moblesalmazan.com\/ca\/portfolio\/reforma-i-decoracio-de-solarium-a-vilanova-i-la-geltru\/\"  class=\"lqd-overlay lqd-pf-overlay-link lqd-cc-label-trigger\" data-cc-icon-color=\"\"><\/a>\n\t\t<\/div>\n\t<\/article>\n\n<\/div><div class=\"lqd-pf-column col-md-6 col-sm-6 col-xs-12 masonry-item decoracio\">\n\n\t<article id=\"post-4011\" class=\"lqd-pf-item lqd-pf-item-style-1 lqd-pf-light pf-details-h-mid pos-rel overflow-hidden post-4011 liquid-portfolio type-liquid-portfolio status-publish format-standard has-post-thumbnail hentry liquid-portfolio-category-decoracio\">\n\t\t<div class=\"lqd-pf-item-inner\">\n\n\t\t\t<div class=\"lqd-pf-img\">\n\t\t\t\t<figure>\n\t\t\t\t\t<figure  class=\"w-100\"><img loading=\"lazy\" decoding=\"async\" width=\"800\" height=\"600\" src=\"data:image\/svg+xml;charset=utf-8,%3Csvg xmlns%3D&#039;http%3A%2F%2Fwww.w3.org%2F2000%2Fsvg&#039; viewBox%3D&#039;0 0  &#039;%2F%3E\" class=\"w-100 ld-lazyload wp-post-image\" alt=\"\" data-src=\"https:\/\/moblesalmazan.com\/wp-content\/uploads\/2023\/09\/774671b9-fed6-49f3-8da7-7ed2957190d7.jpg\" data-srcset=\"https:\/\/moblesalmazan.com\/wp-content\/uploads\/2023\/09\/774671b9-fed6-49f3-8da7-7ed2957190d7.jpg 800w, https:\/\/moblesalmazan.com\/wp-content\/uploads\/2023\/09\/774671b9-fed6-49f3-8da7-7ed2957190d7-300x225.jpg 300w\" data-sizes=\"(max-width: 800px) 100vw, 800px\" data-aspect=\"\" \/><\/figure>\t\t\t\t<\/figure>\n\t\t\t<\/div>\n\n\t\t\t<div class=\"lqd-pf-details d-flex flex-wrap pos-rel border-radius-4\">\n\t\t\t\t<span class=\"lqd-pf-overlay-bg lqd-overlay\"><\/span>\n\t\t\t\t<div class=\"lqd-pf-info d-flex flex-wrap align-items-center justify-content-between w-100 p-4\">\n\t\t\t\t\t\t\t\t\t\t<h2 class=\"lqd-pf-title mt-0 mb-0 h5\">Cuina Apartament platja<\/h2>\t\t\t\t\t<ul class=\"reset-ul inline-nav lqd-pf-cat d-inline-flex pos-rel z-index-2\"><li><a href=\"https:\/\/moblesalmazan.com\/ca\/portfolio-category\/decoracio\/\">Decoraci\u00f3<\/a><\/li><\/ul>\t\t\t\t<\/div>\n\t\t\t<\/div>\n\n\t\t\t<a href=\"https:\/\/moblesalmazan.com\/ca\/portfolio\/cuina-apartament-platja\/\"  class=\"lqd-overlay lqd-pf-overlay-link lqd-cc-label-trigger\" data-cc-icon-color=\"\"><\/a>\n\t\t<\/div>\n\t<\/article>\n\n<\/div><div class=\"lqd-pf-column col-md-6 col-sm-6 col-xs-12 masonry-item decoracio\">\n\n\t<article id=\"post-3984\" class=\"lqd-pf-item lqd-pf-item-style-1 lqd-pf-light pf-details-h-mid pos-rel overflow-hidden post-3984 liquid-portfolio type-liquid-portfolio status-publish format-standard has-post-thumbnail hentry liquid-portfolio-category-decoracio\">\n\t\t<div class=\"lqd-pf-item-inner\">\n\n\t\t\t<div class=\"lqd-pf-img\">\n\t\t\t\t<figure>\n\t\t\t\t\t<figure  class=\"w-100\"><img loading=\"lazy\" decoding=\"async\" width=\"800\" height=\"600\" src=\"data:image\/svg+xml;charset=utf-8,%3Csvg xmlns%3D&#039;http%3A%2F%2Fwww.w3.org%2F2000%2Fsvg&#039; viewBox%3D&#039;0 0  &#039;%2F%3E\" class=\"w-100 ld-lazyload wp-post-image\" alt=\"\" data-src=\"https:\/\/moblesalmazan.com\/wp-content\/uploads\/2023\/09\/portada-1.jpg\" data-srcset=\"https:\/\/moblesalmazan.com\/wp-content\/uploads\/2023\/09\/portada-1.jpg 800w, https:\/\/moblesalmazan.com\/wp-content\/uploads\/2023\/09\/portada-1-300x225.jpg 300w\" data-sizes=\"(max-width: 800px) 100vw, 800px\" data-aspect=\"\" \/><\/figure>\t\t\t\t<\/figure>\n\t\t\t<\/div>\n\n\t\t\t<div class=\"lqd-pf-details d-flex flex-wrap pos-rel border-radius-4\">\n\t\t\t\t<span class=\"lqd-pf-overlay-bg lqd-overlay\"><\/span>\n\t\t\t\t<div class=\"lqd-pf-info d-flex flex-wrap align-items-center justify-content-between w-100 p-4\">\n\t\t\t\t\t\t\t\t\t\t<h2 class=\"lqd-pf-title mt-0 mb-0 h5\">Decoraci\u00f3 completa pis Vilanova<\/h2>\t\t\t\t\t<ul class=\"reset-ul inline-nav lqd-pf-cat d-inline-flex pos-rel z-index-2\"><li><a href=\"https:\/\/moblesalmazan.com\/ca\/portfolio-category\/decoracio\/\">Decoraci\u00f3<\/a><\/li><\/ul>\t\t\t\t<\/div>\n\t\t\t<\/div>\n\n\t\t\t<a href=\"https:\/\/moblesalmazan.com\/ca\/portfolio\/decoracio-completa-pis-vilanova\/\"  class=\"lqd-overlay lqd-pf-overlay-link lqd-cc-label-trigger\" data-cc-icon-color=\"\"><\/a>\n\t\t<\/div>\n\t<\/article>\n\n<\/div><div class=\"lqd-pf-column col-md-6 col-sm-6 col-xs-12 masonry-item reformes\">\n\n\t<article id=\"post-4003\" class=\"lqd-pf-item lqd-pf-item-style-1 lqd-pf-light pf-details-h-mid pos-rel overflow-hidden post-4003 liquid-portfolio type-liquid-portfolio status-publish format-standard has-post-thumbnail hentry liquid-portfolio-category-reformes\">\n\t\t<div class=\"lqd-pf-item-inner\">\n\n\t\t\t<div class=\"lqd-pf-img\">\n\t\t\t\t<figure>\n\t\t\t\t\t<figure  class=\"w-100\"><img loading=\"lazy\" decoding=\"async\" width=\"800\" height=\"600\" src=\"data:image\/svg+xml;charset=utf-8,%3Csvg xmlns%3D&#039;http%3A%2F%2Fwww.w3.org%2F2000%2Fsvg&#039; viewBox%3D&#039;0 0  &#039;%2F%3E\" class=\"w-100 ld-lazyload wp-post-image\" alt=\"\" data-src=\"https:\/\/moblesalmazan.com\/wp-content\/uploads\/2023\/08\/IMG_4529.jpg\" data-srcset=\"https:\/\/moblesalmazan.com\/wp-content\/uploads\/2023\/08\/IMG_4529.jpg 800w, https:\/\/moblesalmazan.com\/wp-content\/uploads\/2023\/08\/IMG_4529-300x225.jpg 300w\" data-sizes=\"(max-width: 800px) 100vw, 800px\" data-aspect=\"\" \/><\/figure>\t\t\t\t<\/figure>\n\t\t\t<\/div>\n\n\t\t\t<div class=\"lqd-pf-details d-flex flex-wrap pos-rel border-radius-4\">\n\t\t\t\t<span class=\"lqd-pf-overlay-bg lqd-overlay\"><\/span>\n\t\t\t\t<div class=\"lqd-pf-info d-flex flex-wrap align-items-center justify-content-between w-100 p-4\">\n\t\t\t\t\t\t\t\t\t\t<h2 class=\"lqd-pf-title mt-0 mb-0 h5\">Dormitori i bany Castelldefels<\/h2>\t\t\t\t\t<ul class=\"reset-ul inline-nav lqd-pf-cat d-inline-flex pos-rel z-index-2\"><li><a href=\"https:\/\/moblesalmazan.com\/ca\/portfolio-category\/reformes\/\">Reformes<\/a><\/li><\/ul>\t\t\t\t<\/div>\n\t\t\t<\/div>\n\n\t\t\t<a href=\"https:\/\/moblesalmazan.com\/ca\/portfolio\/dormitori-i-bany-castelldefels\/\"  class=\"lqd-overlay lqd-pf-overlay-link lqd-cc-label-trigger\" data-cc-icon-color=\"\"><\/a>\n\t\t<\/div>\n\t<\/article>\n\n<\/div><div class=\"lqd-pf-column col-md-6 col-sm-6 col-xs-12 masonry-item reformes\">\n\n\t<article id=\"post-4020\" class=\"lqd-pf-item lqd-pf-item-style-1 lqd-pf-light pf-details-h-mid pos-rel overflow-hidden post-4020 liquid-portfolio type-liquid-portfolio status-publish format-standard has-post-thumbnail hentry liquid-portfolio-category-reformes\">\n\t\t<div class=\"lqd-pf-item-inner\">\n\n\t\t\t<div class=\"lqd-pf-img\">\n\t\t\t\t<figure>\n\t\t\t\t\t<figure  class=\"w-100\"><img loading=\"lazy\" decoding=\"async\" width=\"800\" height=\"600\" src=\"data:image\/svg+xml;charset=utf-8,%3Csvg xmlns%3D&#039;http%3A%2F%2Fwww.w3.org%2F2000%2Fsvg&#039; viewBox%3D&#039;0 0  &#039;%2F%3E\" class=\"w-100 ld-lazyload wp-post-image\" alt=\"\" data-src=\"https:\/\/moblesalmazan.com\/wp-content\/uploads\/2023\/09\/portada.jpg\" data-srcset=\"https:\/\/moblesalmazan.com\/wp-content\/uploads\/2023\/09\/portada.jpg 800w, https:\/\/moblesalmazan.com\/wp-content\/uploads\/2023\/09\/portada-300x225.jpg 300w\" data-sizes=\"(max-width: 800px) 100vw, 800px\" data-aspect=\"\" \/><\/figure>\t\t\t\t<\/figure>\n\t\t\t<\/div>\n\n\t\t\t<div class=\"lqd-pf-details d-flex flex-wrap pos-rel border-radius-4\">\n\t\t\t\t<span class=\"lqd-pf-overlay-bg lqd-overlay\"><\/span>\n\t\t\t\t<div class=\"lqd-pf-info d-flex flex-wrap align-items-center justify-content-between w-100 p-4\">\n\t\t\t\t\t\t\t\t\t\t<h2 class=\"lqd-pf-title mt-0 mb-0 h5\">Reforma banys Torredembarra<\/h2>\t\t\t\t\t<ul class=\"reset-ul inline-nav lqd-pf-cat d-inline-flex pos-rel z-index-2\"><li><a href=\"https:\/\/moblesalmazan.com\/ca\/portfolio-category\/reformes\/\">Reformes<\/a><\/li><\/ul>\t\t\t\t<\/div>\n\t\t\t<\/div>\n\n\t\t\t<a href=\"https:\/\/moblesalmazan.com\/ca\/portfolio\/reforma-banys-torredembarra\/\"  class=\"lqd-overlay lqd-pf-overlay-link lqd-cc-label-trigger\" data-cc-icon-color=\"\"><\/a>\n\t\t<\/div>\n\t<\/article>\n\n<\/div><div class=\"lqd-pf-column col-md-6 col-sm-6 col-xs-12 masonry-item decoracio\">\n\n\t<article id=\"post-3997\" class=\"lqd-pf-item lqd-pf-item-style-1 lqd-pf-light pf-details-h-mid pos-rel overflow-hidden post-3997 liquid-portfolio type-liquid-portfolio status-publish format-standard has-post-thumbnail hentry liquid-portfolio-category-decoracio\">\n\t\t<div class=\"lqd-pf-item-inner\">\n\n\t\t\t<div class=\"lqd-pf-img\">\n\t\t\t\t<figure>\n\t\t\t\t\t<figure  class=\"w-100\"><img loading=\"lazy\" decoding=\"async\" width=\"800\" height=\"600\" src=\"data:image\/svg+xml;charset=utf-8,%3Csvg xmlns%3D&#039;http%3A%2F%2Fwww.w3.org%2F2000%2Fsvg&#039; viewBox%3D&#039;0 0  &#039;%2F%3E\" class=\"w-100 ld-lazyload wp-post-image\" alt=\"\" data-src=\"https:\/\/moblesalmazan.com\/wp-content\/uploads\/2023\/07\/IMG_2140-copia.jpg\" data-srcset=\"https:\/\/moblesalmazan.com\/wp-content\/uploads\/2023\/07\/IMG_2140-copia.jpg 800w, https:\/\/moblesalmazan.com\/wp-content\/uploads\/2023\/07\/IMG_2140-copia-300x225.jpg 300w\" data-sizes=\"(max-width: 800px) 100vw, 800px\" data-aspect=\"\" \/><\/figure>\t\t\t\t<\/figure>\n\t\t\t<\/div>\n\n\t\t\t<div class=\"lqd-pf-details d-flex flex-wrap pos-rel border-radius-4\">\n\t\t\t\t<span class=\"lqd-pf-overlay-bg lqd-overlay\"><\/span>\n\t\t\t\t<div class=\"lqd-pf-info d-flex flex-wrap align-items-center justify-content-between w-100 p-4\">\n\t\t\t\t\t\t\t\t\t\t<h2 class=\"lqd-pf-title mt-0 mb-0 h5\">Direcci\u00f3 d&#8217; obra i lliurament de despatxos Grup Incofisa<\/h2>\t\t\t\t\t<ul class=\"reset-ul inline-nav lqd-pf-cat d-inline-flex pos-rel z-index-2\"><li><a href=\"https:\/\/moblesalmazan.com\/ca\/portfolio-category\/decoracio\/\">Decoraci\u00f3<\/a><\/li><\/ul>\t\t\t\t<\/div>\n\t\t\t<\/div>\n\n\t\t\t<a href=\"https:\/\/moblesalmazan.com\/ca\/portfolio\/direccio-d-obra-i-lliurament-de-despatxos-grup-incofisa\/\"  class=\"lqd-overlay lqd-pf-overlay-link lqd-cc-label-trigger\" data-cc-icon-color=\"\"><\/a>\n\t\t<\/div>\n\t<\/article>\n\n<\/div><div class=\"lqd-pf-column col-md-6 col-sm-6 col-xs-12 masonry-item decoracio\">\n\n\t<article id=\"post-4015\" class=\"lqd-pf-item lqd-pf-item-style-1 lqd-pf-light pf-details-h-mid pos-rel overflow-hidden post-4015 liquid-portfolio type-liquid-portfolio status-publish format-standard has-post-thumbnail hentry liquid-portfolio-category-decoracio\">\n\t\t<div class=\"lqd-pf-item-inner\">\n\n\t\t\t<div class=\"lqd-pf-img\">\n\t\t\t\t<figure>\n\t\t\t\t\t<figure  class=\"w-100\"><img loading=\"lazy\" decoding=\"async\" width=\"800\" height=\"600\" src=\"data:image\/svg+xml;charset=utf-8,%3Csvg xmlns%3D&#039;http%3A%2F%2Fwww.w3.org%2F2000%2Fsvg&#039; viewBox%3D&#039;0 0  &#039;%2F%3E\" class=\"w-100 ld-lazyload wp-post-image\" alt=\"\" data-src=\"https:\/\/moblesalmazan.com\/wp-content\/uploads\/2023\/07\/IMG_6523.jpg\" data-srcset=\"https:\/\/moblesalmazan.com\/wp-content\/uploads\/2023\/07\/IMG_6523.jpg 800w, https:\/\/moblesalmazan.com\/wp-content\/uploads\/2023\/07\/IMG_6523-300x225.jpg 300w\" data-sizes=\"(max-width: 800px) 100vw, 800px\" data-aspect=\"\" \/><\/figure>\t\t\t\t<\/figure>\n\t\t\t<\/div>\n\n\t\t\t<div class=\"lqd-pf-details d-flex flex-wrap pos-rel border-radius-4\">\n\t\t\t\t<span class=\"lqd-pf-overlay-bg lqd-overlay\"><\/span>\n\t\t\t\t<div class=\"lqd-pf-info d-flex flex-wrap align-items-center justify-content-between w-100 p-4\">\n\t\t\t\t\t\t\t\t\t\t<h2 class=\"lqd-pf-title mt-0 mb-0 h5\">D\u00faplex a Castelldefels<\/h2>\t\t\t\t\t<ul class=\"reset-ul inline-nav lqd-pf-cat d-inline-flex pos-rel z-index-2\"><li><a href=\"https:\/\/moblesalmazan.com\/ca\/portfolio-category\/decoracio\/\">Decoraci\u00f3<\/a><\/li><\/ul>\t\t\t\t<\/div>\n\t\t\t<\/div>\n\n\t\t\t<a href=\"https:\/\/moblesalmazan.com\/ca\/portfolio\/duplex-a-castelldefels\/\"  class=\"lqd-overlay lqd-pf-overlay-link lqd-cc-label-trigger\" data-cc-icon-color=\"\"><\/a>\n\t\t<\/div>\n\t<\/article>\n\n<\/div><div class=\"lqd-pf-column col-md-6 col-sm-6 col-xs-12 masonry-item decoracio reformes\">\n\n\t<article id=\"post-4033\" class=\"lqd-pf-item lqd-pf-item-style-1 lqd-pf-light pf-details-h-mid pos-rel overflow-hidden post-4033 liquid-portfolio type-liquid-portfolio status-publish format-standard has-post-thumbnail hentry liquid-portfolio-category-decoracio liquid-portfolio-category-reformes\">\n\t\t<div class=\"lqd-pf-item-inner\">\n\n\t\t\t<div class=\"lqd-pf-img\">\n\t\t\t\t<figure>\n\t\t\t\t\t<figure  class=\"w-100\"><img loading=\"lazy\" decoding=\"async\" width=\"800\" height=\"600\" src=\"data:image\/svg+xml;charset=utf-8,%3Csvg xmlns%3D&#039;http%3A%2F%2Fwww.w3.org%2F2000%2Fsvg&#039; viewBox%3D&#039;0 0  &#039;%2F%3E\" class=\"w-100 ld-lazyload wp-post-image\" alt=\"\" data-src=\"https:\/\/moblesalmazan.com\/wp-content\/uploads\/2023\/07\/1.jpg\" data-srcset=\"https:\/\/moblesalmazan.com\/wp-content\/uploads\/2023\/07\/1.jpg 800w, https:\/\/moblesalmazan.com\/wp-content\/uploads\/2023\/07\/1-300x225.jpg 300w\" data-sizes=\"(max-width: 800px) 100vw, 800px\" data-aspect=\"\" \/><\/figure>\t\t\t\t<\/figure>\n\t\t\t<\/div>\n\n\t\t\t<div class=\"lqd-pf-details d-flex flex-wrap pos-rel border-radius-4\">\n\t\t\t\t<span class=\"lqd-pf-overlay-bg lqd-overlay\"><\/span>\n\t\t\t\t<div class=\"lqd-pf-info d-flex flex-wrap align-items-center justify-content-between w-100 p-4\">\n\t\t\t\t\t\t\t\t\t\t<h2 class=\"lqd-pf-title mt-0 mb-0 h5\">Reforma i Decoraci\u00f3 de pis a Vilanova<\/h2>\t\t\t\t\t<ul class=\"reset-ul inline-nav lqd-pf-cat d-inline-flex pos-rel z-index-2\"><li><a href=\"https:\/\/moblesalmazan.com\/ca\/portfolio-category\/decoracio\/\">Decoraci\u00f3<\/a><\/li><\/ul>\t\t\t\t<\/div>\n\t\t\t<\/div>\n\n\t\t\t<a href=\"https:\/\/moblesalmazan.com\/ca\/portfolio\/reforma-i-decoracio-de-pis-a-vilanova\/\"  class=\"lqd-overlay lqd-pf-overlay-link lqd-cc-label-trigger\" data-cc-icon-color=\"\"><\/a>\n\t\t<\/div>\n\t<\/article>\n\n<\/div><div class=\"lqd-pf-column col-md-6 col-sm-6 col-xs-12 masonry-item a-mida\">\n\n\t<article id=\"post-4066\" class=\"lqd-pf-item lqd-pf-item-style-1 lqd-pf-light pf-details-h-mid pos-rel overflow-hidden post-4066 liquid-portfolio type-liquid-portfolio status-publish format-standard has-post-thumbnail hentry liquid-portfolio-category-a-mida\">\n\t\t<div class=\"lqd-pf-item-inner\">\n\n\t\t\t<div class=\"lqd-pf-img\">\n\t\t\t\t<figure>\n\t\t\t\t\t<figure  class=\"w-100\"><img loading=\"lazy\" decoding=\"async\" width=\"800\" height=\"600\" src=\"data:image\/svg+xml;charset=utf-8,%3Csvg xmlns%3D&#039;http%3A%2F%2Fwww.w3.org%2F2000%2Fsvg&#039; viewBox%3D&#039;0 0  &#039;%2F%3E\" class=\"w-100 ld-lazyload wp-post-image\" alt=\"\" data-src=\"https:\/\/moblesalmazan.com\/wp-content\/uploads\/2023\/07\/IMG_3791.jpg\" data-srcset=\"https:\/\/moblesalmazan.com\/wp-content\/uploads\/2023\/07\/IMG_3791.jpg 800w, https:\/\/moblesalmazan.com\/wp-content\/uploads\/2023\/07\/IMG_3791-300x225.jpg 300w\" data-sizes=\"(max-width: 800px) 100vw, 800px\" data-aspect=\"\" \/><\/figure>\t\t\t\t<\/figure>\n\t\t\t<\/div>\n\n\t\t\t<div class=\"lqd-pf-details d-flex flex-wrap pos-rel border-radius-4\">\n\t\t\t\t<span class=\"lqd-pf-overlay-bg lqd-overlay\"><\/span>\n\t\t\t\t<div class=\"lqd-pf-info d-flex flex-wrap align-items-center justify-content-between w-100 p-4\">\n\t\t\t\t\t\t\t\t\t\t<h2 class=\"lqd-pf-title mt-0 mb-0 h5\">Moble tv contemporani alistonat roure a mida<\/h2>\t\t\t\t\t<ul class=\"reset-ul inline-nav lqd-pf-cat d-inline-flex pos-rel z-index-2\"><li><a href=\"https:\/\/moblesalmazan.com\/ca\/portfolio-category\/a-mida\/\">A mida<\/a><\/li><\/ul>\t\t\t\t<\/div>\n\t\t\t<\/div>\n\n\t\t\t<a href=\"https:\/\/moblesalmazan.com\/ca\/portfolio\/moble-tv-contemporani-alistonat-roure-a-mida\/\"  class=\"lqd-overlay lqd-pf-overlay-link lqd-cc-label-trigger\" data-cc-icon-color=\"\"><\/a>\n\t\t<\/div>\n\t<\/article>\n\n<\/div><div class=\"lqd-pf-column col-md-6 col-sm-6 col-xs-12 masonry-item a-mida\">\n\n\t<article id=\"post-4096\" class=\"lqd-pf-item lqd-pf-item-style-1 lqd-pf-light pf-details-h-mid pos-rel overflow-hidden post-4096 liquid-portfolio type-liquid-portfolio status-publish format-standard has-post-thumbnail hentry liquid-portfolio-category-a-mida\">\n\t\t<div class=\"lqd-pf-item-inner\">\n\n\t\t\t<div class=\"lqd-pf-img\">\n\t\t\t\t<figure>\n\t\t\t\t\t<figure  class=\"w-100\"><img loading=\"lazy\" decoding=\"async\" width=\"800\" height=\"600\" src=\"data:image\/svg+xml;charset=utf-8,%3Csvg xmlns%3D&#039;http%3A%2F%2Fwww.w3.org%2F2000%2Fsvg&#039; viewBox%3D&#039;0 0  &#039;%2F%3E\" class=\"w-100 ld-lazyload wp-post-image\" alt=\"\" data-src=\"https:\/\/moblesalmazan.com\/wp-content\/uploads\/2023\/07\/IMG_5255.jpg\" data-srcset=\"https:\/\/moblesalmazan.com\/wp-content\/uploads\/2023\/07\/IMG_5255.jpg 800w, https:\/\/moblesalmazan.com\/wp-content\/uploads\/2023\/07\/IMG_5255-300x225.jpg 300w\" data-sizes=\"(max-width: 800px) 100vw, 800px\" data-aspect=\"\" \/><\/figure>\t\t\t\t<\/figure>\n\t\t\t<\/div>\n\n\t\t\t<div class=\"lqd-pf-details d-flex flex-wrap pos-rel border-radius-4\">\n\t\t\t\t<span class=\"lqd-pf-overlay-bg lqd-overlay\"><\/span>\n\t\t\t\t<div class=\"lqd-pf-info d-flex flex-wrap align-items-center justify-content-between w-100 p-4\">\n\t\t\t\t\t\t\t\t\t\t<h2 class=\"lqd-pf-title mt-0 mb-0 h5\">Dormitori industrial a mida<\/h2>\t\t\t\t\t<ul class=\"reset-ul inline-nav lqd-pf-cat d-inline-flex pos-rel z-index-2\"><li><a href=\"https:\/\/moblesalmazan.com\/ca\/portfolio-category\/a-mida\/\">A mida<\/a><\/li><\/ul>\t\t\t\t<\/div>\n\t\t\t<\/div>\n\n\t\t\t<a href=\"https:\/\/moblesalmazan.com\/ca\/portfolio\/dormitori-industrial-a-mida\/\"  class=\"lqd-overlay lqd-pf-overlay-link lqd-cc-label-trigger\" data-cc-icon-color=\"\"><\/a>\n\t\t<\/div>\n\t<\/article>\n\n<\/div><div class=\"lqd-pf-column col-md-6 col-sm-6 col-xs-12 masonry-item decoracio\">\n\n\t<article id=\"post-4046\" class=\"lqd-pf-item lqd-pf-item-style-1 lqd-pf-light pf-details-h-mid pos-rel overflow-hidden post-4046 liquid-portfolio type-liquid-portfolio status-publish format-standard has-post-thumbnail hentry liquid-portfolio-category-decoracio\">\n\t\t<div class=\"lqd-pf-item-inner\">\n\n\t\t\t<div class=\"lqd-pf-img\">\n\t\t\t\t<figure>\n\t\t\t\t\t<figure  class=\"w-100\"><img loading=\"lazy\" decoding=\"async\" width=\"800\" height=\"600\" src=\"data:image\/svg+xml;charset=utf-8,%3Csvg xmlns%3D&#039;http%3A%2F%2Fwww.w3.org%2F2000%2Fsvg&#039; viewBox%3D&#039;0 0  &#039;%2F%3E\" class=\"w-100 ld-lazyload wp-post-image\" alt=\"\" data-src=\"https:\/\/moblesalmazan.com\/wp-content\/uploads\/2023\/07\/IMG_6410.jpg\" data-srcset=\"https:\/\/moblesalmazan.com\/wp-content\/uploads\/2023\/07\/IMG_6410.jpg 800w, https:\/\/moblesalmazan.com\/wp-content\/uploads\/2023\/07\/IMG_6410-300x225.jpg 300w\" data-sizes=\"(max-width: 800px) 100vw, 800px\" data-aspect=\"\" \/><\/figure>\t\t\t\t<\/figure>\n\t\t\t<\/div>\n\n\t\t\t<div class=\"lqd-pf-details d-flex flex-wrap pos-rel border-radius-4\">\n\t\t\t\t<span class=\"lqd-pf-overlay-bg lqd-overlay\"><\/span>\n\t\t\t\t<div class=\"lqd-pf-info d-flex flex-wrap align-items-center justify-content-between w-100 p-4\">\n\t\t\t\t\t\t\t\t\t\t<h2 class=\"lqd-pf-title mt-0 mb-0 h5\">Decoraci\u00f3 duplex Vilanova<\/h2>\t\t\t\t\t<ul class=\"reset-ul inline-nav lqd-pf-cat d-inline-flex pos-rel z-index-2\"><li><a href=\"https:\/\/moblesalmazan.com\/ca\/portfolio-category\/decoracio\/\">Decoraci\u00f3<\/a><\/li><\/ul>\t\t\t\t<\/div>\n\t\t\t<\/div>\n\n\t\t\t<a href=\"https:\/\/moblesalmazan.com\/ca\/portfolio\/decoracio-duplex-vilanova\/\"  class=\"lqd-overlay lqd-pf-overlay-link lqd-cc-label-trigger\" data-cc-icon-color=\"\"><\/a>\n\t\t<\/div>\n\t<\/article>\n\n<\/div><div class=\"lqd-pf-column col-md-6 col-sm-6 col-xs-12 masonry-item reformes\">\n\n\t<article id=\"post-4088\" class=\"lqd-pf-item lqd-pf-item-style-1 lqd-pf-light pf-details-h-mid pos-rel overflow-hidden post-4088 liquid-portfolio type-liquid-portfolio status-publish format-standard has-post-thumbnail hentry liquid-portfolio-category-reformes\">\n\t\t<div class=\"lqd-pf-item-inner\">\n\n\t\t\t<div class=\"lqd-pf-img\">\n\t\t\t\t<figure>\n\t\t\t\t\t<figure  class=\"w-100\"><img loading=\"lazy\" decoding=\"async\" width=\"800\" height=\"600\" src=\"data:image\/svg+xml;charset=utf-8,%3Csvg xmlns%3D&#039;http%3A%2F%2Fwww.w3.org%2F2000%2Fsvg&#039; viewBox%3D&#039;0 0  &#039;%2F%3E\" class=\"w-100 ld-lazyload wp-post-image\" alt=\"\" data-src=\"https:\/\/moblesalmazan.com\/wp-content\/uploads\/2023\/07\/IMG_6258.jpg\" data-srcset=\"https:\/\/moblesalmazan.com\/wp-content\/uploads\/2023\/07\/IMG_6258.jpg 800w, https:\/\/moblesalmazan.com\/wp-content\/uploads\/2023\/07\/IMG_6258-300x225.jpg 300w\" data-sizes=\"(max-width: 800px) 100vw, 800px\" data-aspect=\"\" \/><\/figure>\t\t\t\t<\/figure>\n\t\t\t<\/div>\n\n\t\t\t<div class=\"lqd-pf-details d-flex flex-wrap pos-rel border-radius-4\">\n\t\t\t\t<span class=\"lqd-pf-overlay-bg lqd-overlay\"><\/span>\n\t\t\t\t<div class=\"lqd-pf-info d-flex flex-wrap align-items-center justify-content-between w-100 p-4\">\n\t\t\t\t\t\t\t\t\t\t<h2 class=\"lqd-pf-title mt-0 mb-0 h5\">Reforma sol\u00e0rium, Tarima mobiliari Jardi Vilanova<\/h2>\t\t\t\t\t<ul class=\"reset-ul inline-nav lqd-pf-cat d-inline-flex pos-rel z-index-2\"><li><a href=\"https:\/\/moblesalmazan.com\/ca\/portfolio-category\/reformes\/\">Reformes<\/a><\/li><\/ul>\t\t\t\t<\/div>\n\t\t\t<\/div>\n\n\t\t\t<a href=\"https:\/\/moblesalmazan.com\/ca\/portfolio\/reforma-solarium-tarima-mobiliari-jardi-vilanova\/\"  class=\"lqd-overlay lqd-pf-overlay-link lqd-cc-label-trigger\" data-cc-icon-color=\"\"><\/a>\n\t\t<\/div>\n\t<\/article>\n\n<\/div><div class=\"lqd-pf-column col-md-6 col-sm-6 col-xs-12 masonry-item a-mida\">\n\n\t<article id=\"post-4032\" class=\"lqd-pf-item lqd-pf-item-style-1 lqd-pf-light pf-details-h-mid pos-rel overflow-hidden post-4032 liquid-portfolio type-liquid-portfolio status-publish format-standard has-post-thumbnail hentry liquid-portfolio-category-a-mida\">\n\t\t<div class=\"lqd-pf-item-inner\">\n\n\t\t\t<div class=\"lqd-pf-img\">\n\t\t\t\t<figure>\n\t\t\t\t\t<figure  class=\"w-100\"><img loading=\"lazy\" decoding=\"async\" width=\"800\" height=\"600\" src=\"data:image\/svg+xml;charset=utf-8,%3Csvg xmlns%3D&#039;http%3A%2F%2Fwww.w3.org%2F2000%2Fsvg&#039; viewBox%3D&#039;0 0  &#039;%2F%3E\" class=\"w-100 ld-lazyload wp-post-image\" alt=\"\" data-src=\"https:\/\/moblesalmazan.com\/wp-content\/uploads\/2023\/07\/IMG_4706.jpg\" data-srcset=\"https:\/\/moblesalmazan.com\/wp-content\/uploads\/2023\/07\/IMG_4706.jpg 800w, https:\/\/moblesalmazan.com\/wp-content\/uploads\/2023\/07\/IMG_4706-300x225.jpg 300w\" data-sizes=\"(max-width: 800px) 100vw, 800px\" data-aspect=\"\" \/><\/figure>\t\t\t\t<\/figure>\n\t\t\t<\/div>\n\n\t\t\t<div class=\"lqd-pf-details d-flex flex-wrap pos-rel border-radius-4\">\n\t\t\t\t<span class=\"lqd-pf-overlay-bg lqd-overlay\"><\/span>\n\t\t\t\t<div class=\"lqd-pf-info d-flex flex-wrap align-items-center justify-content-between w-100 p-4\">\n\t\t\t\t\t\t\t\t\t\t<h2 class=\"lqd-pf-title mt-0 mb-0 h5\">Sal\u00f3 menjador Castelldefels<\/h2>\t\t\t\t\t<ul class=\"reset-ul inline-nav lqd-pf-cat d-inline-flex pos-rel z-index-2\"><li><a href=\"https:\/\/moblesalmazan.com\/ca\/portfolio-category\/a-mida\/\">A mida<\/a><\/li><\/ul>\t\t\t\t<\/div>\n\t\t\t<\/div>\n\n\t\t\t<a href=\"https:\/\/moblesalmazan.com\/ca\/portfolio\/salo-menjador-castelldefels\/\"  class=\"lqd-overlay lqd-pf-overlay-link lqd-cc-label-trigger\" data-cc-icon-color=\"\"><\/a>\n\t\t<\/div>\n\t<\/article>\n\n<\/div><div class=\"lqd-pf-column col-md-6 col-sm-6 col-xs-12 masonry-item a-mida\">\n\n\t<article id=\"post-4067\" class=\"lqd-pf-item lqd-pf-item-style-1 lqd-pf-light pf-details-h-mid pos-rel overflow-hidden post-4067 liquid-portfolio type-liquid-portfolio status-publish format-standard has-post-thumbnail hentry liquid-portfolio-category-a-mida\">\n\t\t<div class=\"lqd-pf-item-inner\">\n\n\t\t\t<div class=\"lqd-pf-img\">\n\t\t\t\t<figure>\n\t\t\t\t\t<figure  class=\"w-100\"><img loading=\"lazy\" decoding=\"async\" width=\"800\" height=\"600\" src=\"data:image\/svg+xml;charset=utf-8,%3Csvg xmlns%3D&#039;http%3A%2F%2Fwww.w3.org%2F2000%2Fsvg&#039; viewBox%3D&#039;0 0  &#039;%2F%3E\" class=\"w-100 ld-lazyload wp-post-image\" alt=\"\" data-src=\"https:\/\/moblesalmazan.com\/wp-content\/uploads\/2023\/07\/IMG_5106.jpg\" data-srcset=\"https:\/\/moblesalmazan.com\/wp-content\/uploads\/2023\/07\/IMG_5106.jpg 800w, https:\/\/moblesalmazan.com\/wp-content\/uploads\/2023\/07\/IMG_5106-300x225.jpg 300w\" data-sizes=\"(max-width: 800px) 100vw, 800px\" data-aspect=\"\" \/><\/figure>\t\t\t\t<\/figure>\n\t\t\t<\/div>\n\n\t\t\t<div class=\"lqd-pf-details d-flex flex-wrap pos-rel border-radius-4\">\n\t\t\t\t<span class=\"lqd-pf-overlay-bg lqd-overlay\"><\/span>\n\t\t\t\t<div class=\"lqd-pf-info d-flex flex-wrap align-items-center justify-content-between w-100 p-4\">\n\t\t\t\t\t\t\t\t\t\t<h2 class=\"lqd-pf-title mt-0 mb-0 h5\">Disseny i fabricaci\u00f3 de mobiliari en mesura especial<\/h2>\t\t\t\t\t<ul class=\"reset-ul inline-nav lqd-pf-cat d-inline-flex pos-rel z-index-2\"><li><a href=\"https:\/\/moblesalmazan.com\/ca\/portfolio-category\/a-mida\/\">A mida<\/a><\/li><\/ul>\t\t\t\t<\/div>\n\t\t\t<\/div>\n\n\t\t\t<a href=\"https:\/\/moblesalmazan.com\/ca\/portfolio\/disseny-i-fabricacio-de-mobiliari-en-mesura-especial\/\"  class=\"lqd-overlay lqd-pf-overlay-link lqd-cc-label-trigger\" data-cc-icon-color=\"\"><\/a>\n\t\t<\/div>\n\t<\/article>\n\n<\/div><div class=\"lqd-pf-column col-md-6 col-sm-6 col-xs-12 masonry-item a-mida\">\n\n\t<article id=\"post-4102\" class=\"lqd-pf-item lqd-pf-item-style-1 lqd-pf-light pf-details-h-mid pos-rel overflow-hidden post-4102 liquid-portfolio type-liquid-portfolio status-publish format-standard has-post-thumbnail hentry liquid-portfolio-category-a-mida\">\n\t\t<div class=\"lqd-pf-item-inner\">\n\n\t\t\t<div class=\"lqd-pf-img\">\n\t\t\t\t<figure>\n\t\t\t\t\t<figure  class=\"w-100\"><img loading=\"lazy\" decoding=\"async\" width=\"800\" height=\"600\" src=\"data:image\/svg+xml;charset=utf-8,%3Csvg xmlns%3D&#039;http%3A%2F%2Fwww.w3.org%2F2000%2Fsvg&#039; viewBox%3D&#039;0 0  &#039;%2F%3E\" class=\"w-100 ld-lazyload wp-post-image\" alt=\"\" data-src=\"https:\/\/moblesalmazan.com\/wp-content\/uploads\/2023\/07\/257F5A73-A118-4AF3-927C-3F8E30A40793.jpg\" data-srcset=\"https:\/\/moblesalmazan.com\/wp-content\/uploads\/2023\/07\/257F5A73-A118-4AF3-927C-3F8E30A40793.jpg 800w, https:\/\/moblesalmazan.com\/wp-content\/uploads\/2023\/07\/257F5A73-A118-4AF3-927C-3F8E30A40793-300x225.jpg 300w\" data-sizes=\"(max-width: 800px) 100vw, 800px\" data-aspect=\"\" \/><\/figure>\t\t\t\t<\/figure>\n\t\t\t<\/div>\n\n\t\t\t<div class=\"lqd-pf-details d-flex flex-wrap pos-rel border-radius-4\">\n\t\t\t\t<span class=\"lqd-pf-overlay-bg lqd-overlay\"><\/span>\n\t\t\t\t<div class=\"lqd-pf-info d-flex flex-wrap align-items-center justify-content-between w-100 p-4\">\n\t\t\t\t\t\t\t\t\t\t<h2 class=\"lqd-pf-title mt-0 mb-0 h5\">Despatx a mida a Sitges<\/h2>\t\t\t\t\t<ul class=\"reset-ul inline-nav lqd-pf-cat d-inline-flex pos-rel z-index-2\"><li><a href=\"https:\/\/moblesalmazan.com\/ca\/portfolio-category\/a-mida\/\">A mida<\/a><\/li><\/ul>\t\t\t\t<\/div>\n\t\t\t<\/div>\n\n\t\t\t<a href=\"https:\/\/moblesalmazan.com\/ca\/portfolio\/despatx-a-mida-a-sitges\/\"  class=\"lqd-overlay lqd-pf-overlay-link lqd-cc-label-trigger\" data-cc-icon-color=\"\"><\/a>\n\t\t<\/div>\n\t<\/article>\n\n<\/div><div class=\"lqd-pf-column col-md-6 col-sm-6 col-xs-12 masonry-item reformes\">\n\n\t<article id=\"post-4058\" class=\"lqd-pf-item lqd-pf-item-style-1 lqd-pf-light pf-details-h-mid pos-rel overflow-hidden post-4058 liquid-portfolio type-liquid-portfolio status-publish format-standard has-post-thumbnail hentry liquid-portfolio-category-reformes\">\n\t\t<div class=\"lqd-pf-item-inner\">\n\n\t\t\t<div class=\"lqd-pf-img\">\n\t\t\t\t<figure>\n\t\t\t\t\t<figure  class=\"w-100\"><img loading=\"lazy\" decoding=\"async\" width=\"800\" height=\"600\" src=\"data:image\/svg+xml;charset=utf-8,%3Csvg xmlns%3D&#039;http%3A%2F%2Fwww.w3.org%2F2000%2Fsvg&#039; viewBox%3D&#039;0 0  &#039;%2F%3E\" class=\"w-100 ld-lazyload wp-post-image\" alt=\"\" data-src=\"https:\/\/moblesalmazan.com\/wp-content\/uploads\/2023\/06\/image00008.jpg\" data-srcset=\"https:\/\/moblesalmazan.com\/wp-content\/uploads\/2023\/06\/image00008.jpg 800w, https:\/\/moblesalmazan.com\/wp-content\/uploads\/2023\/06\/image00008-300x225.jpg 300w\" data-sizes=\"(max-width: 800px) 100vw, 800px\" data-aspect=\"\" \/><\/figure>\t\t\t\t<\/figure>\n\t\t\t<\/div>\n\n\t\t\t<div class=\"lqd-pf-details d-flex flex-wrap pos-rel border-radius-4\">\n\t\t\t\t<span class=\"lqd-pf-overlay-bg lqd-overlay\"><\/span>\n\t\t\t\t<div class=\"lqd-pf-info d-flex flex-wrap align-items-center justify-content-between w-100 p-4\">\n\t\t\t\t\t\t\t\t\t\t<h2 class=\"lqd-pf-title mt-0 mb-0 h5\">Reforma integral i decoraci\u00f3 pis Vilanova<\/h2>\t\t\t\t\t<ul class=\"reset-ul inline-nav lqd-pf-cat d-inline-flex pos-rel z-index-2\"><li><a href=\"https:\/\/moblesalmazan.com\/ca\/portfolio-category\/reformes\/\">Reformes<\/a><\/li><\/ul>\t\t\t\t<\/div>\n\t\t\t<\/div>\n\n\t\t\t<a href=\"https:\/\/moblesalmazan.com\/ca\/portfolio\/reforma-integral-i-decoracio-pis-vilanova\/\"  class=\"lqd-overlay lqd-pf-overlay-link lqd-cc-label-trigger\" data-cc-icon-color=\"\"><\/a>\n\t\t<\/div>\n\t<\/article>\n\n<\/div><div class=\"lqd-pf-column col-md-6 col-sm-6 col-xs-12 masonry-item decoracio\">\n\n\t<article id=\"post-4092\" class=\"lqd-pf-item lqd-pf-item-style-1 lqd-pf-light pf-details-h-mid pos-rel overflow-hidden post-4092 liquid-portfolio type-liquid-portfolio status-publish format-standard has-post-thumbnail hentry liquid-portfolio-category-decoracio\">\n\t\t<div class=\"lqd-pf-item-inner\">\n\n\t\t\t<div class=\"lqd-pf-img\">\n\t\t\t\t<figure>\n\t\t\t\t\t<figure  class=\"w-100\"><img loading=\"lazy\" decoding=\"async\" width=\"1800\" height=\"1350\" src=\"data:image\/svg+xml;charset=utf-8,%3Csvg xmlns%3D&#039;http%3A%2F%2Fwww.w3.org%2F2000%2Fsvg&#039; viewBox%3D&#039;0 0  &#039;%2F%3E\" class=\"w-100 ld-lazyload wp-post-image\" alt=\"\" data-src=\"https:\/\/moblesalmazan.com\/wp-content\/uploads\/2023\/04\/4-4.jpg\" data-srcset=\"https:\/\/moblesalmazan.com\/wp-content\/uploads\/2023\/04\/4-4.jpg 1800w, https:\/\/moblesalmazan.com\/wp-content\/uploads\/2023\/04\/4-4-300x225.jpg 300w, https:\/\/moblesalmazan.com\/wp-content\/uploads\/2023\/04\/4-4-1024x768.jpg 1024w\" data-sizes=\"(max-width: 1800px) 100vw, 1800px\" data-aspect=\"\" \/><\/figure>\t\t\t\t<\/figure>\n\t\t\t<\/div>\n\n\t\t\t<div class=\"lqd-pf-details d-flex flex-wrap pos-rel border-radius-4\">\n\t\t\t\t<span class=\"lqd-pf-overlay-bg lqd-overlay\"><\/span>\n\t\t\t\t<div class=\"lqd-pf-info d-flex flex-wrap align-items-center justify-content-between w-100 p-4\">\n\t\t\t\t\t\t\t\t\t\t<h2 class=\"lqd-pf-title mt-0 mb-0 h5\">Decoraci\u00f3 Sitges golf<\/h2>\t\t\t\t\t<ul class=\"reset-ul inline-nav lqd-pf-cat d-inline-flex pos-rel z-index-2\"><li><a href=\"https:\/\/moblesalmazan.com\/ca\/portfolio-category\/decoracio\/\">Decoraci\u00f3<\/a><\/li><\/ul>\t\t\t\t<\/div>\n\t\t\t<\/div>\n\n\t\t\t<a href=\"https:\/\/moblesalmazan.com\/ca\/portfolio\/decoracio-sitges-golf\/\"  class=\"lqd-overlay lqd-pf-overlay-link lqd-cc-label-trigger\" data-cc-icon-color=\"\"><\/a>\n\t\t<\/div>\n\t<\/article>\n\n<\/div><div class=\"lqd-pf-column col-md-6 col-sm-6 col-xs-12 masonry-item decoracio\">\n\n\t<article id=\"post-4029\" class=\"lqd-pf-item lqd-pf-item-style-1 lqd-pf-light pf-details-h-mid pos-rel overflow-hidden post-4029 liquid-portfolio type-liquid-portfolio status-publish format-standard has-post-thumbnail hentry liquid-portfolio-category-decoracio\">\n\t\t<div class=\"lqd-pf-item-inner\">\n\n\t\t\t<div class=\"lqd-pf-img\">\n\t\t\t\t<figure>\n\t\t\t\t\t<figure  class=\"w-100\"><img loading=\"lazy\" decoding=\"async\" width=\"1800\" height=\"1349\" src=\"data:image\/svg+xml;charset=utf-8,%3Csvg xmlns%3D&#039;http%3A%2F%2Fwww.w3.org%2F2000%2Fsvg&#039; viewBox%3D&#039;0 0  &#039;%2F%3E\" class=\"w-100 ld-lazyload wp-post-image\" alt=\"\" data-src=\"https:\/\/moblesalmazan.com\/wp-content\/uploads\/2023\/04\/7.jpg\" data-srcset=\"https:\/\/moblesalmazan.com\/wp-content\/uploads\/2023\/04\/7.jpg 1800w, https:\/\/moblesalmazan.com\/wp-content\/uploads\/2023\/04\/7-300x225.jpg 300w, https:\/\/moblesalmazan.com\/wp-content\/uploads\/2023\/04\/7-1024x767.jpg 1024w\" data-sizes=\"(max-width: 1800px) 100vw, 1800px\" data-aspect=\"\" \/><\/figure>\t\t\t\t<\/figure>\n\t\t\t<\/div>\n\n\t\t\t<div class=\"lqd-pf-details d-flex flex-wrap pos-rel border-radius-4\">\n\t\t\t\t<span class=\"lqd-pf-overlay-bg lqd-overlay\"><\/span>\n\t\t\t\t<div class=\"lqd-pf-info d-flex flex-wrap align-items-center justify-content-between w-100 p-4\">\n\t\t\t\t\t\t\t\t\t\t<h2 class=\"lqd-pf-title mt-0 mb-0 h5\">Decoraci\u00f3 el Tennis Vilanova<\/h2>\t\t\t\t\t<ul class=\"reset-ul inline-nav lqd-pf-cat d-inline-flex pos-rel z-index-2\"><li><a href=\"https:\/\/moblesalmazan.com\/ca\/portfolio-category\/decoracio\/\">Decoraci\u00f3<\/a><\/li><\/ul>\t\t\t\t<\/div>\n\t\t\t<\/div>\n\n\t\t\t<a href=\"https:\/\/moblesalmazan.com\/ca\/portfolio\/decoracio-el-tennis-vilanova\/\"  class=\"lqd-overlay lqd-pf-overlay-link lqd-cc-label-trigger\" data-cc-icon-color=\"\"><\/a>\n\t\t<\/div>\n\t<\/article>\n\n<\/div><div class=\"lqd-pf-column col-md-6 col-sm-6 col-xs-12 masonry-item decoracio\">\n\n\t<article id=\"post-4062\" class=\"lqd-pf-item lqd-pf-item-style-1 lqd-pf-light pf-details-h-mid pos-rel overflow-hidden post-4062 liquid-portfolio type-liquid-portfolio status-publish format-standard has-post-thumbnail hentry liquid-portfolio-category-decoracio\">\n\t\t<div class=\"lqd-pf-item-inner\">\n\n\t\t\t<div class=\"lqd-pf-img\">\n\t\t\t\t<figure>\n\t\t\t\t\t<figure  class=\"w-100\"><img loading=\"lazy\" decoding=\"async\" width=\"1800\" height=\"1350\" src=\"data:image\/svg+xml;charset=utf-8,%3Csvg xmlns%3D&#039;http%3A%2F%2Fwww.w3.org%2F2000%2Fsvg&#039; viewBox%3D&#039;0 0  &#039;%2F%3E\" class=\"w-100 ld-lazyload wp-post-image\" alt=\"\" data-src=\"https:\/\/moblesalmazan.com\/wp-content\/uploads\/2023\/04\/1-1.jpg\" data-srcset=\"https:\/\/moblesalmazan.com\/wp-content\/uploads\/2023\/04\/1-1.jpg 1800w, https:\/\/moblesalmazan.com\/wp-content\/uploads\/2023\/04\/1-1-300x225.jpg 300w, https:\/\/moblesalmazan.com\/wp-content\/uploads\/2023\/04\/1-1-1024x768.jpg 1024w\" data-sizes=\"(max-width: 1800px) 100vw, 1800px\" data-aspect=\"\" \/><\/figure>\t\t\t\t<\/figure>\n\t\t\t<\/div>\n\n\t\t\t<div class=\"lqd-pf-details d-flex flex-wrap pos-rel border-radius-4\">\n\t\t\t\t<span class=\"lqd-pf-overlay-bg lqd-overlay\"><\/span>\n\t\t\t\t<div class=\"lqd-pf-info d-flex flex-wrap align-items-center justify-content-between w-100 p-4\">\n\t\t\t\t\t\t\t\t\t\t<h2 class=\"lqd-pf-title mt-0 mb-0 h5\">Decoraci\u00f3 el Tennis<\/h2>\t\t\t\t\t<ul class=\"reset-ul inline-nav lqd-pf-cat d-inline-flex pos-rel z-index-2\"><li><a href=\"https:\/\/moblesalmazan.com\/ca\/portfolio-category\/decoracio\/\">Decoraci\u00f3<\/a><\/li><\/ul>\t\t\t\t<\/div>\n\t\t\t<\/div>\n\n\t\t\t<a href=\"https:\/\/moblesalmazan.com\/ca\/portfolio\/decoracio-el-tennis\/\"  class=\"lqd-overlay lqd-pf-overlay-link lqd-cc-label-trigger\" data-cc-icon-color=\"\"><\/a>\n\t\t<\/div>\n\t<\/article>\n\n<\/div><div class=\"lqd-pf-column col-md-6 col-sm-6 col-xs-12 masonry-item decoracio\">\n\n\t<article id=\"post-4090\" class=\"lqd-pf-item lqd-pf-item-style-1 lqd-pf-light pf-details-h-mid pos-rel overflow-hidden post-4090 liquid-portfolio type-liquid-portfolio status-publish format-standard has-post-thumbnail hentry liquid-portfolio-category-decoracio\">\n\t\t<div class=\"lqd-pf-item-inner\">\n\n\t\t\t<div class=\"lqd-pf-img\">\n\t\t\t\t<figure>\n\t\t\t\t\t<figure  class=\"w-100\"><img loading=\"lazy\" decoding=\"async\" width=\"1800\" height=\"1350\" src=\"data:image\/svg+xml;charset=utf-8,%3Csvg xmlns%3D&#039;http%3A%2F%2Fwww.w3.org%2F2000%2Fsvg&#039; viewBox%3D&#039;0 0  &#039;%2F%3E\" class=\"w-100 ld-lazyload wp-post-image\" alt=\"\" data-src=\"https:\/\/moblesalmazan.com\/wp-content\/uploads\/2023\/04\/5-3.jpg\" data-srcset=\"https:\/\/moblesalmazan.com\/wp-content\/uploads\/2023\/04\/5-3.jpg 1800w, https:\/\/moblesalmazan.com\/wp-content\/uploads\/2023\/04\/5-3-300x225.jpg 300w, https:\/\/moblesalmazan.com\/wp-content\/uploads\/2023\/04\/5-3-1024x768.jpg 1024w\" data-sizes=\"(max-width: 1800px) 100vw, 1800px\" data-aspect=\"\" \/><\/figure>\t\t\t\t<\/figure>\n\t\t\t<\/div>\n\n\t\t\t<div class=\"lqd-pf-details d-flex flex-wrap pos-rel border-radius-4\">\n\t\t\t\t<span class=\"lqd-pf-overlay-bg lqd-overlay\"><\/span>\n\t\t\t\t<div class=\"lqd-pf-info d-flex flex-wrap align-items-center justify-content-between w-100 p-4\">\n\t\t\t\t\t\t\t\t\t\t<h2 class=\"lqd-pf-title mt-0 mb-0 h5\">Decoraci\u00f3 Sant Pere de Ribes<\/h2>\t\t\t\t\t<ul class=\"reset-ul inline-nav lqd-pf-cat d-inline-flex pos-rel z-index-2\"><li><a href=\"https:\/\/moblesalmazan.com\/ca\/portfolio-category\/decoracio\/\">Decoraci\u00f3<\/a><\/li><\/ul>\t\t\t\t<\/div>\n\t\t\t<\/div>\n\n\t\t\t<a href=\"https:\/\/moblesalmazan.com\/ca\/portfolio\/decoracio-sant-pere-de-ribes\/\"  class=\"lqd-overlay lqd-pf-overlay-link lqd-cc-label-trigger\" data-cc-icon-color=\"\"><\/a>\n\t\t<\/div>\n\t<\/article>\n\n<\/div><div class=\"lqd-pf-column col-md-6 col-sm-6 col-xs-12 masonry-item decoracio\">\n\n\t<article id=\"post-4116\" class=\"lqd-pf-item lqd-pf-item-style-1 lqd-pf-light pf-details-h-mid pos-rel overflow-hidden post-4116 liquid-portfolio type-liquid-portfolio status-publish format-standard has-post-thumbnail hentry liquid-portfolio-category-decoracio\">\n\t\t<div class=\"lqd-pf-item-inner\">\n\n\t\t\t<div class=\"lqd-pf-img\">\n\t\t\t\t<figure>\n\t\t\t\t\t<figure  class=\"w-100\"><img loading=\"lazy\" decoding=\"async\" width=\"800\" height=\"600\" src=\"data:image\/svg+xml;charset=utf-8,%3Csvg xmlns%3D&#039;http%3A%2F%2Fwww.w3.org%2F2000%2Fsvg&#039; viewBox%3D&#039;0 0  &#039;%2F%3E\" class=\"w-100 ld-lazyload wp-post-image\" alt=\"\" data-src=\"https:\/\/moblesalmazan.com\/wp-content\/uploads\/2023\/09\/IMG_2402.jpg\" data-srcset=\"https:\/\/moblesalmazan.com\/wp-content\/uploads\/2023\/09\/IMG_2402.jpg 800w, https:\/\/moblesalmazan.com\/wp-content\/uploads\/2023\/09\/IMG_2402-300x225.jpg 300w\" data-sizes=\"(max-width: 800px) 100vw, 800px\" data-aspect=\"\" \/><\/figure>\t\t\t\t<\/figure>\n\t\t\t<\/div>\n\n\t\t\t<div class=\"lqd-pf-details d-flex flex-wrap pos-rel border-radius-4\">\n\t\t\t\t<span class=\"lqd-pf-overlay-bg lqd-overlay\"><\/span>\n\t\t\t\t<div class=\"lqd-pf-info d-flex flex-wrap align-items-center justify-content-between w-100 p-4\">\n\t\t\t\t\t\t\t\t\t\t<h2 class=\"lqd-pf-title mt-0 mb-0 h5\">Decoraci\u00f3 sal\u00f3 menjador i actualitzaci\u00f3 xemeneia Sant Pere de Ribes<\/h2>\t\t\t\t\t<ul class=\"reset-ul inline-nav lqd-pf-cat d-inline-flex pos-rel z-index-2\"><li><a href=\"https:\/\/moblesalmazan.com\/ca\/portfolio-category\/decoracio\/\">Decoraci\u00f3<\/a><\/li><\/ul>\t\t\t\t<\/div>\n\t\t\t<\/div>\n\n\t\t\t<a href=\"https:\/\/moblesalmazan.com\/ca\/portfolio\/decoracio-salo-menjador-i-actualitzacio-xemeneia-sant-pere-de-ribes\/\"  class=\"lqd-overlay lqd-pf-overlay-link lqd-cc-label-trigger\" data-cc-icon-color=\"\"><\/a>\n\t\t<\/div>\n\t<\/article>\n\n<\/div><div class=\"lqd-pf-column col-md-6 col-sm-6 col-xs-12 masonry-item a-mida\">\n\n\t<article id=\"post-4123\" class=\"lqd-pf-item lqd-pf-item-style-1 lqd-pf-light pf-details-h-mid pos-rel overflow-hidden post-4123 liquid-portfolio type-liquid-portfolio status-publish format-standard has-post-thumbnail hentry liquid-portfolio-category-a-mida\">\n\t\t<div class=\"lqd-pf-item-inner\">\n\n\t\t\t<div class=\"lqd-pf-img\">\n\t\t\t\t<figure>\n\t\t\t\t\t<figure  class=\"w-100\"><img loading=\"lazy\" decoding=\"async\" width=\"800\" height=\"600\" src=\"data:image\/svg+xml;charset=utf-8,%3Csvg xmlns%3D&#039;http%3A%2F%2Fwww.w3.org%2F2000%2Fsvg&#039; viewBox%3D&#039;0 0  &#039;%2F%3E\" class=\"w-100 ld-lazyload wp-post-image\" alt=\"\" data-src=\"https:\/\/moblesalmazan.com\/wp-content\/uploads\/2023\/09\/IMG_6084.jpg\" data-srcset=\"https:\/\/moblesalmazan.com\/wp-content\/uploads\/2023\/09\/IMG_6084.jpg 800w, https:\/\/moblesalmazan.com\/wp-content\/uploads\/2023\/09\/IMG_6084-300x225.jpg 300w\" data-sizes=\"(max-width: 800px) 100vw, 800px\" data-aspect=\"\" \/><\/figure>\t\t\t\t<\/figure>\n\t\t\t<\/div>\n\n\t\t\t<div class=\"lqd-pf-details d-flex flex-wrap pos-rel border-radius-4\">\n\t\t\t\t<span class=\"lqd-pf-overlay-bg lqd-overlay\"><\/span>\n\t\t\t\t<div class=\"lqd-pf-info d-flex flex-wrap align-items-center justify-content-between w-100 p-4\">\n\t\t\t\t\t\t\t\t\t\t<h2 class=\"lqd-pf-title mt-0 mb-0 h5\">Dormitori armari llit abatible Vilanova i la Geltru<\/h2>\t\t\t\t\t<ul class=\"reset-ul inline-nav lqd-pf-cat d-inline-flex pos-rel z-index-2\"><li><a href=\"https:\/\/moblesalmazan.com\/ca\/portfolio-category\/a-mida\/\">A mida<\/a><\/li><\/ul>\t\t\t\t<\/div>\n\t\t\t<\/div>\n\n\t\t\t<a href=\"https:\/\/moblesalmazan.com\/ca\/portfolio\/dormitori-armari-llit-abatible-vilanova-i-la-geltru\/\"  class=\"lqd-overlay lqd-pf-overlay-link lqd-cc-label-trigger\" data-cc-icon-color=\"\"><\/a>\n\t\t<\/div>\n\t<\/article>\n\n<\/div><\/div><\/div>\t\t\t\t<\/div>\n\t\t\t\t<\/div>\n\t\t\t\t\t<\/div>\n\t\t<\/div>\n\t\t\t\t\t<\/div>\n\t\t<\/section>\n\t\t\t\t<section data-custom-animations=\"true\" data-ca-options=\"{&quot;addChildTimelines&quot;:false,&quot;animationTarget&quot;:&quot;:scope &gt; .elementor-container &gt; .elementor-column&quot;,&quot;ease&quot;:[&quot;power4.out&quot;],&quot;initValues&quot;:{&quot;x&quot;:&quot;60px&quot;,&quot;rotationY&quot;:30,&quot;opacity&quot;:0},&quot;animations&quot;:{&quot;x&quot;:&quot;0px&quot;,&quot;rotationY&quot;:0,&quot;opacity&quot;:1}}\" class=\"elementor-section elementor-top-section elementor-element elementor-element-1eecd09 elementor-section-boxed elementor-section-height-default elementor-section-height-default\" data-id=\"1eecd09\" data-element_type=\"section\">\n\t\t\t\t\t\t<div class=\"elementor-container elementor-column-gap-default\">\n\t\t\t\t\t<div class=\"elementor-column elementor-col-100 elementor-top-column elementor-element elementor-element-aa86cd0\" data-id=\"aa86cd0\" data-element_type=\"column\">\n\t\t\t<div class=\"elementor-widget-wrap elementor-element-populated\">\n\t\t\t\t\t\t<div class=\"elementor-element elementor-element-ea78a6b elementor-widget elementor-widget-hub_fancy_heading\" data-id=\"ea78a6b\" data-element_type=\"widget\" data-widget_type=\"hub_fancy_heading.default\">\n\t\t\t\t<div class=\"elementor-widget-container\">\n\t\t\t\t\t\n\t\t<div id=\"ld-fancy-heading-69f19cc4b2108\" class=\"ld-fancy-heading pos-rel\">\n\t\t\t<h2 class=\"ld-fh-element d-inline-block pos-rel  elementor-heading-title lqd-highlight-classic lqd-highlight-grow-left h2\"  > Tens una consulta?<\/h2>\t\t<\/div>\n\n\t\t\t\t\t\t<\/div>\n\t\t\t\t<\/div>\n\t\t\t\t\t<\/div>\n\t\t<\/div>\n\t\t\t\t\t<\/div>\n\t\t<\/section>\n\t\t\t\t<section data-custom-animations=\"true\" data-ca-options=\"{&quot;addChildTimelines&quot;:false,&quot;animationTarget&quot;:&quot;:scope &gt; .elementor-container &gt; .elementor-column&quot;,&quot;ease&quot;:[&quot;power4.out&quot;],&quot;initValues&quot;:{&quot;x&quot;:&quot;60px&quot;,&quot;rotationY&quot;:30,&quot;opacity&quot;:0},&quot;animations&quot;:{&quot;x&quot;:&quot;0px&quot;,&quot;rotationY&quot;:0,&quot;opacity&quot;:1}}\" class=\"elementor-section elementor-top-section elementor-element elementor-element-804d623 elementor-section-boxed elementor-section-height-default elementor-section-height-default\" data-id=\"804d623\" data-element_type=\"section\">\n\t\t\t\t\t\t<div class=\"elementor-container elementor-column-gap-default\">\n\t\t\t\t\t<div class=\"elementor-column elementor-col-50 elementor-top-column elementor-element elementor-element-754a710\" data-id=\"754a710\" data-element_type=\"column\">\n\t\t\t<div class=\"elementor-widget-wrap elementor-element-populated\">\n\t\t\t\t\t\t<div class=\"elementor-element elementor-element-6d1b2d3 elementor-widget elementor-widget-image\" data-id=\"6d1b2d3\" data-element_type=\"widget\" data-widget_type=\"image.default\">\n\t\t\t\t<div class=\"elementor-widget-container\">\n\t\t\t\t\t\t\t\t\t\t\t\t\t\t\t<img loading=\"lazy\" decoding=\"async\" width=\"600\" height=\"800\" src=\"data:image\/svg+xml;charset=utf-8,%3Csvg xmlns%3D&#039;http%3A%2F%2Fwww.w3.org%2F2000%2Fsvg&#039; viewBox%3D&#039;0 0  &#039;%2F%3E\" class=\"attachment-large size-large wp-image-2964 ld-lazyload\" alt=\"\" data-src=\"https:\/\/moblesalmazan.com\/wp-content\/uploads\/2023\/07\/mobles-almazan.jpg\" data-srcset=\"https:\/\/moblesalmazan.com\/wp-content\/uploads\/2023\/07\/mobles-almazan.jpg 600w, https:\/\/moblesalmazan.com\/wp-content\/uploads\/2023\/07\/mobles-almazan-225x300.jpg 225w\" data-sizes=\"(max-width: 600px) 100vw, 600px\" data-aspect=\"\" \/>\t\t\t\t\t\t\t\t\t\t\t\t\t\t\t<\/div>\n\t\t\t\t<\/div>\n\t\t\t\t\t<\/div>\n\t\t<\/div>\n\t\t\t\t<div class=\"elementor-column elementor-col-50 elementor-top-column elementor-element elementor-element-1072941\" data-id=\"1072941\" data-element_type=\"column\">\n\t\t\t<div class=\"elementor-widget-wrap elementor-element-populated\">\n\t\t\t\t\t\t<div class=\"elementor-element elementor-element-a44e71b elementor-widget elementor-widget-hub_fancy_heading\" data-id=\"a44e71b\" data-element_type=\"widget\" data-widget_type=\"hub_fancy_heading.default\">\n\t\t\t\t<div class=\"elementor-widget-container\">\n\t\t\t\t\t\n\t\t<div id=\"ld-fancy-heading-69f19cc4b4954\" class=\"ld-fancy-heading pos-rel\">\n\t\t\t<h3 class=\"ld-fh-element d-inline-block pos-rel  elementor-heading-title lqd-highlight-classic lqd-highlight-grow-left h3\"  > Envia'ns la teva consulta<\/h3>\t\t<\/div>\n\n\t\t\t\t\t\t<\/div>\n\t\t\t\t<\/div>\n\t\t\t\t<div class=\"elementor-element elementor-element-d06866c elementor-widget-divider--view-line elementor-widget elementor-widget-divider\" data-id=\"d06866c\" data-element_type=\"widget\" data-widget_type=\"divider.default\">\n\t\t\t\t<div class=\"elementor-widget-container\">\n\t\t\t\t\t\t\t<div class=\"elementor-divider\">\n\t\t\t<span class=\"elementor-divider-separator\">\n\t\t\t\t\t\t<\/span>\n\t\t<\/div>\n\t\t\t\t\t\t<\/div>\n\t\t\t\t<\/div>\n\t\t\t\t<div class=\"elementor-element elementor-element-b485d98 elementor-widget elementor-widget-hub_fancy_heading\" data-id=\"b485d98\" data-element_type=\"widget\" data-widget_type=\"hub_fancy_heading.default\">\n\t\t\t\t<div class=\"elementor-widget-container\">\n\t\t\t\t\t\n\t\t<div id=\"ld-fancy-heading-69f19cc4b549b\" class=\"ld-fancy-heading pos-rel\">\n\t\t\t<p class=\"ld-fh-element d-inline-block pos-rel  lqd-highlight-classic lqd-highlight-grow-left p\"  > Tens una consulta? Contacta amb nosaltres en el seg\u00fcent formulari:<\/p>\t\t<\/div>\n\n\t\t\t\t\t\t<\/div>\n\t\t\t\t<\/div>\n\t\t\t\t<div class=\"elementor-element elementor-element-f469df2 elementor-widget elementor-widget-ld_cf722\" data-id=\"f469df2\" data-element_type=\"widget\" data-widget_type=\"ld_cf722.default\">\n\t\t\t\t<div class=\"elementor-widget-container\">\n\t\t\t\t\t\n\t<div class=\"lqd-contact-form lqd-contact-form-inputs-underlined lqd-contact-form-button-block lqd-contact-form-button-round\" >\n\t\t\n<div class=\"wpcf7 no-js\" id=\"wpcf7-f4148-o1\" lang=\"ca\" dir=\"ltr\" data-wpcf7-id=\"4148\">\n<div class=\"screen-reader-response\"><p role=\"status\" aria-live=\"polite\" aria-atomic=\"true\"><\/p> <ul><\/ul><\/div>\n<form action=\"\/ca\/wp-json\/wp\/v2\/pages\/3827#wpcf7-f4148-o1\" method=\"post\" class=\"wpcf7-form init\" aria-label=\"Formulari de contacte\" novalidate=\"novalidate\" data-status=\"init\">\n<fieldset class=\"hidden-fields-container\"><input type=\"hidden\" name=\"_wpcf7\" value=\"4148\" \/><input type=\"hidden\" name=\"_wpcf7_version\" value=\"6.1\" \/><input type=\"hidden\" name=\"_wpcf7_locale\" value=\"ca\" \/><input type=\"hidden\" name=\"_wpcf7_unit_tag\" value=\"wpcf7-f4148-o1\" \/><input type=\"hidden\" name=\"_wpcf7_container_post\" value=\"0\" \/><input type=\"hidden\" name=\"_wpcf7_posted_data_hash\" value=\"\" \/><input type=\"hidden\" name=\"_wpcf7_recaptcha_response\" value=\"\" \/>\n<\/fieldset>\n<div class=\"row\">\n\t<div class=\"col-md-6\">\n\t\t<p><span class=\"wpcf7-form-control-wrap\" data-name=\"your-name\"><input size=\"40\" maxlength=\"400\" class=\"wpcf7-form-control wpcf7-text wpcf7-validates-as-required\" aria-required=\"true\" aria-invalid=\"false\" placeholder=\"Nom*\" value=\"\" type=\"text\" name=\"your-name\" \/><\/span>\n\t\t<\/p>\n\t<\/div>\n\t<div class=\"col-md-6\">\n\t\t<p><span class=\"wpcf7-form-control-wrap\" data-name=\"your-phone\"><input size=\"40\" maxlength=\"400\" class=\"wpcf7-form-control wpcf7-tel wpcf7-validates-as-required wpcf7-text wpcf7-validates-as-tel\" aria-required=\"true\" aria-invalid=\"false\" placeholder=\"Tel\u00e8fon*\" value=\"\" type=\"tel\" name=\"your-phone\" \/><\/span>\n\t\t<\/p>\n\t<\/div>\n\t<div class=\"col-md-12\">\n\t\t<p><span class=\"wpcf7-form-control-wrap\" data-name=\"your-email\"><input size=\"40\" maxlength=\"400\" class=\"wpcf7-form-control wpcf7-email wpcf7-validates-as-required wpcf7-text wpcf7-validates-as-email\" aria-required=\"true\" aria-invalid=\"false\" placeholder=\"E-mail*\" value=\"\" type=\"email\" name=\"your-email\" \/><\/span>\n\t\t<\/p>\n\t<\/div>\n\t<div class=\"col-md-12\">\n\t\t<p><span class=\"wpcf7-form-control-wrap\" data-name=\"your-message\"><textarea cols=\"40\" rows=\"10\" maxlength=\"2000\" class=\"wpcf7-form-control wpcf7-textarea\" aria-invalid=\"false\" placeholder=\"Missatge\" name=\"your-message\"><\/textarea><\/span>\n\t\t<\/p>\n\t<\/div>\n\t<div class=\"col-md-12\">\n\t\t<p><span class=\"wpcf7-form-control-wrap\" data-name=\"acceptance-120\"><span class=\"wpcf7-form-control wpcf7-acceptance optional\"><span class=\"wpcf7-list-item\"><label><input type=\"checkbox\" name=\"acceptance-120\" value=\"1\" aria-invalid=\"false\" \/><span class=\"wpcf7-list-item-label\"><p style=\"font-size:11px;color:rgba(0,0,0,0.68);\">Accepto la pol\u00edtica de privacitat<\/p><\/span><\/label><\/span><\/span><\/span>\n\t\t<\/p>\n\t<\/div>\n\t<div class=\"col-md-12\">\n\t\t<p><input class=\"wpcf7-form-control wpcf7-submit has-spinner\" type=\"submit\" value=\"Enviar\" \/>\n\t\t<\/p>\n\t<\/div>\n<\/div><div class=\"wpcf7-response-output\" aria-hidden=\"true\"><\/div>\n<\/form>\n<\/div>\n\t<\/div>\n\n\t\t\t\t\t<\/div>\n\t\t\t\t<\/div>\n\t\t\t\t\t<\/div>\n\t\t<\/div>\n\t\t\t\t\t<\/div>\n\t\t<\/section>\n\t\t\t\t<\/div>\n\t\t","protected":false},"excerpt":{"rendered":"<p>Els nostres projectes El nostre valor principal \u00e9s oferir al client el que busca i necessita perqu\u00e8 el resultat de la nostra feina sigui \u00f2ptim. Comptem amb un equip d&#8217;arquitectes, aparelladors i t\u00e8cnics en permanent evoluci\u00f3, adequant-nos a les noves tend\u00e8ncies del mercat i del client. La nostra gran experi\u00e8ncia al costat del millor equip [&hellip;]<\/p>\n","protected":false},"author":1,"featured_media":0,"parent":0,"menu_order":0,"comment_status":"closed","ping_status":"closed","template":"","meta":{"om_disable_all_campaigns":false,"_monsterinsights_skip_tracking":false,"_monsterinsights_sitenote_active":false,"_monsterinsights_sitenote_note":"","_monsterinsights_sitenote_category":0,"footnotes":""},"class_list":["post-3827","page","type-page","status-publish","hentry"],"aioseo_notices":[],"_links":{"self":[{"href":"https:\/\/moblesalmazan.com\/ca\/wp-json\/wp\/v2\/pages\/3827","targetHints":{"allow":["GET"]}}],"collection":[{"href":"https:\/\/moblesalmazan.com\/ca\/wp-json\/wp\/v2\/pages"}],"about":[{"href":"https:\/\/moblesalmazan.com\/ca\/wp-json\/wp\/v2\/types\/page"}],"author":[{"embeddable":true,"href":"https:\/\/moblesalmazan.com\/ca\/wp-json\/wp\/v2\/users\/1"}],"replies":[{"embeddable":true,"href":"https:\/\/moblesalmazan.com\/ca\/wp-json\/wp\/v2\/comments?post=3827"}],"version-history":[{"count":12,"href":"https:\/\/moblesalmazan.com\/ca\/wp-json\/wp\/v2\/pages\/3827\/revisions"}],"predecessor-version":[{"id":4259,"href":"https:\/\/moblesalmazan.com\/ca\/wp-json\/wp\/v2\/pages\/3827\/revisions\/4259"}],"wp:attachment":[{"href":"https:\/\/moblesalmazan.com\/ca\/wp-json\/wp\/v2\/media?parent=3827"}],"curies":[{"name":"wp","href":"https:\/\/api.w.org\/{rel}","templated":true}]}}