{"id":3855,"date":"2023-04-21T10:55:41","date_gmt":"2023-04-21T10:55:41","guid":{"rendered":"https:\/\/moblesalmazan.com\/politica-de-privacitat\/"},"modified":"2023-10-23T12:51:07","modified_gmt":"2023-10-23T12:51:07","slug":"politica-de-privacitat","status":"publish","type":"page","link":"https:\/\/moblesalmazan.com\/ca\/politica-de-privacitat\/","title":{"rendered":"Pol\u00edtica de privacitat"},"content":{"rendered":"\t\t<div data-elementor-type=\"wp-page\" data-elementor-id=\"3855\" class=\"elementor elementor-3855 elementor-3\">\n\t\t\t\t\t\t<section class=\"elementor-section elementor-top-section elementor-element elementor-element-2cf924d8 elementor-section-boxed elementor-section-height-default elementor-section-height-default\" data-id=\"2cf924d8\" data-element_type=\"section\">\n\t\t\t\t\t\t<div class=\"elementor-container elementor-column-gap-default\">\n\t\t\t\t\t<div class=\"elementor-column elementor-col-100 elementor-top-column elementor-element elementor-element-6596995a\" data-id=\"6596995a\" data-element_type=\"column\">\n\t\t\t<div class=\"elementor-widget-wrap elementor-element-populated\">\n\t\t\t\t\t\t<div class=\"elementor-element elementor-element-54903331 elementor-widget elementor-widget-text-editor\" data-id=\"54903331\" data-element_type=\"widget\" data-widget_type=\"text-editor.default\">\n\t\t\t\t<div class=\"elementor-widget-container\">\n\t\t\t\t\t\t\t\t\t\n<h4>Informacion sobre Protecci\u00f3 de Dades<br><br><\/h4>\n<p><strong>Dades relatives al Responsable<\/strong><\/p>\n<p><strong>Responsable Tractament<\/strong><br>  Empresa: 1951 DECORACION, S.L. &#8211; B60764495<br>  Adre\u00e7a: Av. Eduard Toldr\u00e0 40 &#8211; (08800) Vilanova i la Geltr\u00fa (Barcelona)<br>  Contacte: info@moblesalmazan.com &#8211; <a href=\"tel:93%20893%2088%2030&lt;\">93 893 88 30<\/a><br><br><strong>Delegat Proteccion de Dades<\/strong><br>  Nom: &#8211;  <br>  Contacte: &#8211;  <br><br><\/p>\n<p><strong>Finalitats<\/strong><\/p>\n<p>En compliment del que disposa el Reglament Europeu 2016\/679 General de Protecci\u00f3 de Dades, l&#8217;informem que, depenent de la relaci\u00f3 que tingui amb nosaltres, el 1951 DECORACION, S.L. tractem les dades que ens facilita per a alguna, o totes, les seg\u00fcents finalitats:<\/p>\n<ul>\n<li>Arxiu\/historial de treballadors i extreballadors de l&#8217;empresa<\/li>\n<li>Compra\/venda de b\u00e9ns i serveis.<\/li>\n<li>Control i supervisi\u00f3 de l&#8217; efici\u00e8ncia i qualitat de l&#8217; entitat<\/li>\n<li>Control i vigil\u00e0ncia d&#8217; acc\u00e9s a llocs<\/li>\n<li>Coordinaci\u00f3 d&#8217; activitats empresarials<\/li>\n<li>Creaci\u00f3 de contractes, confecci\u00f3 de n\u00f2mines i altres tasques relacionades<\/li>\n<li>Tramesa d&#8217; informaci\u00f3 comercial de l&#8217; entitat mitjan\u00e7ant correu postal, correu electr\u00f2nic o altres<\/li>\n<li>Formaci\u00f3<\/li>\n<li>Gesti\u00f3 comptable, administrativa, de facturaci\u00f3, de cobraments i pagaments<\/li>\n<li>Manteniment de la relaci\u00f3 laboral i contra-prestaci\u00f3 pels treballs realitzats<\/li>\n<li>Prestar-los un servei<\/li>\n<li>Publicaci\u00f3 en dades de car\u00e0cter personal en les diferents rede socials o altres m\u00e8todes de publicaci\u00f3<\/li>\n<li>Realitzaci\u00f3 de cobrament mitjan\u00e7ant TPV<\/li>\n<li>Realitzaci\u00f3 d&#8217;un curs\/formaci\u00f3 mitjan\u00e7ant p\u00e0gina web\/plataforma.<\/li>\n<li>Recepci\u00f3 de la prestaci\u00f3 d&#8217; un servei<\/li>\n<li>Registre dels cursos\/formacions realitzades<\/li>\n<li>Seguretat de l&#8217; entitat.<\/li>\n<li>Servei postvenda i fidelitzaci\u00f3<\/li>\n<li>Tramitaci\u00f3 d&#8217; altes i baixes per malaltia comuna o accident laboral<\/li>\n<li>Tramitaci\u00f3 de pressupostos<\/li>\n<li>Tractament de dades per a cursos i formacions<\/li>\n<li>Utilitzaci\u00f3 de dades derivades de les activitats de l&#8217; empresa<\/li>\n<\/ul>\n<p><strong>Termini de conservaci\u00f3 de les dades<\/strong><\/p>\n<p>Les seves dades seran conservades mentre duri la relaci\u00f3 contractual, comercial o d&#8217; un altre tipus amb la nostra entitat, demani la seva supressi\u00f3, aix\u00ed com el temps necessari per complir les obligacions legals.<\/p>\n<p><strong>Legitimaci\u00f3<\/strong><\/p>\n<p>La base legal per al tractament de les teves dades rau per:<\/p>\n<ul>\n<li>Consentiment inequ\u00edvoc<\/li>\n<li>Execuci\u00f3 d&#8217; un contracte<\/li>\n<li>Inter\u00e8s leg\u00edtim per part del responsable del tractament<\/li>\n<li>Protegir l&#8217; inter\u00e8s vital d&#8217; un afectat<\/li>\n<\/ul>\n<p><strong>Destinataris<\/strong><\/p>\n<p>Les seves dades personals seran comunicades a tercers en els seg\u00fcents sup\u00f2sits:<\/p>\n<ul>\n<li>A altres responsables del tractament<\/li>\n<li>Administraci\u00f3 tribut\u00e0ria<\/li>\n<li>Ag\u00e8ncia de Seguretat<\/li>\n<li>Bancs i entitats financeres<\/li>\n<li>Encarregats de destrucci\u00f3 de documentaci\u00f3<\/li>\n<li>Entitats de Consultoria\/Auditoria<\/li>\n<li>Entitats de formaci\u00f3<\/li>\n<li>Entitats de publicitat i m\u00e0rqueting<\/li>\n<li>Entitats inform\u00e0tiques de manteniment de programari i maquinari<\/li>\n<li>Gestoria\/Assessoria<\/li>\n<li>Seguretat social<\/li>\n<li>Servei de Prevenci\u00f3 de Riscos Laborals<\/li>\n<\/ul>\n<p><strong>Drets<\/strong><\/p>\n<p>T\u00e9 dret a obtenir confirmaci\u00f3 sobre si el 1951 DECORACION, S.L. estem tractant dades personals que li concerneixen, o no.<\/p>\n<p>Aix\u00ed mateix, t\u00e9 dret d&#8217;acc\u00e9s a les seves dades personals, aix\u00ed com a sol\u00b7licitar la <em>rectificaci\u00f3<\/em> de les dades inexactes o, si s&#8217;escau, sol\u00b7licitar la <em>seva supressi\u00f3<\/em> quan, entre altres motius, les dades ja no siguin necess\u00e0ries per a les finalitats que van ser recollides.<\/p>\n<p>En determinades circumst\u00e0ncies, podr\u00e0 sol\u00b7licitar la <em>limitaci\u00f3 del tractament<\/em> de les seves dades, cas en el qual \u00fanicament les conservarem per a l&#8217;exercici o la defensa de reclamacions.<\/p>\n<p>Addicionalment, en determinades circumst\u00e0ncies i per motius relacionats amb la teva situaci\u00f3 particular, podr\u00e0 exercir el dret d <em>&#8216; oposici\u00f3<\/em> al tractament de les seves dades. 1951 DECORACION, S.L. deixar\u00e0 de tractar les dades, excepte per motius leg\u00edtims imperiosos, o l&#8217; exercici o la defensa de possibles reclamacions.<\/p>\n<p>Aix\u00ed mateix, pot exercir el dret a la <em>portabilitat<\/em> de les dades, aix\u00ed com retirar els consentiments facilitats en qualsevol moment, sense que aix\u00f2 afecti la licitud del tractament basat en el consentiment previ a la seva retirada.<\/p>\n<ol>\n<li style=\"list-style-type: none;\">\n<ul>\n<li> <\/li>\n<\/ul>\n<\/li>\n<\/ol>\n<p>Alternativament, tamb\u00e9 es pot adre\u00e7ar a nosaltres mitjan\u00e7ant correu postal a la seg\u00fcent adre\u00e7a: <strong>PLa\u00e7A NOVA 1 &#8211; (08513) PRATS DE LLU\u00c7ANES<\/strong> adjuntat una fotoc\u00f2pia del DNI, per a la certesa de la seva identitat. Recordeu facilitar la major informaci\u00f3 possible sobre la seva sol\u00b7licitud: Nom i cognoms, adre\u00e7a de correu electr\u00f2nic que utilitza per al compte o portal objecte de la teva sol\u00b7licitud.<\/p>\n<p>Finalment, l&#8217;informem que pot dirigir-se davant l&#8217;Ag\u00e8ncia Espanyola de Protecci\u00f3 de Dades i altres organismes p\u00fablics competents per a qualsevol reclamaci\u00f3 derivada del tractament de les teves dades personals.<\/p>\n<p><strong>Pol\u00edtica de cookies<\/strong><\/p>\n<p>Per con\u00e8ixer les cookies que utilitzem a la nostra p\u00e0gina, recordeu que pot accedir a la nostra Pol\u00edtica de Cookies a trav\u00e9s del seg\u00fcent enlla\u00e7 <a href=\"https:\/\/moblesalmazan.com\/politica-de-cookies\/\">pol\u00edtica de cookies<\/a>.<\/p>\n\t\t\t\t\t\t\t\t<\/div>\n\t\t\t\t<\/div>\n\t\t\t\t\t<\/div>\n\t\t<\/div>\n\t\t\t\t\t<\/div>\n\t\t<\/section>\n\t\t\t\t<\/div>\n\t\t","protected":false},"excerpt":{"rendered":"<p>Informacion sobre Protecci\u00f3 de Dades Dades relatives al Responsable Responsable Tractament Empresa: 1951 DECORACION, S.L. &#8211; B60764495 Adre\u00e7a: Av. Eduard Toldr\u00e0 40 &#8211; (08800) Vilanova i la Geltr\u00fa (Barcelona) Contacte: info@moblesalmazan.com &#8211; 93 893 88 30 Delegat Proteccion de Dades Nom: &#8211; Contacte: &#8211; Finalitats En compliment del que disposa el Reglament Europeu 2016\/679 General [&hellip;]<\/p>\n","protected":false},"author":1,"featured_media":0,"parent":0,"menu_order":0,"comment_status":"closed","ping_status":"open","template":"","meta":{"om_disable_all_campaigns":false,"_monsterinsights_skip_tracking":false,"_monsterinsights_sitenote_active":false,"_monsterinsights_sitenote_note":"","_monsterinsights_sitenote_category":0,"footnotes":""},"class_list":["post-3855","page","type-page","status-publish","hentry"],"aioseo_notices":[],"_links":{"self":[{"href":"https:\/\/moblesalmazan.com\/ca\/wp-json\/wp\/v2\/pages\/3855","targetHints":{"allow":["GET"]}}],"collection":[{"href":"https:\/\/moblesalmazan.com\/ca\/wp-json\/wp\/v2\/pages"}],"about":[{"href":"https:\/\/moblesalmazan.com\/ca\/wp-json\/wp\/v2\/types\/page"}],"author":[{"embeddable":true,"href":"https:\/\/moblesalmazan.com\/ca\/wp-json\/wp\/v2\/users\/1"}],"replies":[{"embeddable":true,"href":"https:\/\/moblesalmazan.com\/ca\/wp-json\/wp\/v2\/comments?post=3855"}],"version-history":[{"count":4,"href":"https:\/\/moblesalmazan.com\/ca\/wp-json\/wp\/v2\/pages\/3855\/revisions"}],"predecessor-version":[{"id":3861,"href":"https:\/\/moblesalmazan.com\/ca\/wp-json\/wp\/v2\/pages\/3855\/revisions\/3861"}],"wp:attachment":[{"href":"https:\/\/moblesalmazan.com\/ca\/wp-json\/wp\/v2\/media?parent=3855"}],"curies":[{"name":"wp","href":"https:\/\/api.w.org\/{rel}","templated":true}]}}